{"id":482,"date":"2024-03-10T15:17:57","date_gmt":"2024-03-10T15:17:57","guid":{"rendered":"https:\/\/valeriebonnard.com\/?page_id=482"},"modified":"2024-10-26T10:30:10","modified_gmt":"2024-10-26T10:30:10","slug":"2024-2","status":"publish","type":"page","link":"https:\/\/valeriebonnard.com\/?page_id=482","title":{"rendered":"2024"},"content":{"rendered":"\t\t<div data-elementor-type=\"wp-page\" data-elementor-id=\"482\" class=\"elementor elementor-482\">\n\t\t\t\t<div class=\"elementor-element elementor-element-c11b568 e-flex e-con-boxed e-con e-parent\" data-id=\"c11b568\" data-element_type=\"container\" data-e-type=\"container\">\n\t\t\t\t\t<div class=\"e-con-inner\">\n\t\t\t\t<div class=\"elementor-element elementor-element-572dc21 elementor-widget elementor-widget-heading\" data-id=\"572dc21\" data-element_type=\"widget\" data-e-type=\"widget\" data-widget_type=\"heading.default\">\n\t\t\t\t<div class=\"elementor-widget-container\">\n\t\t\t\t\t<h2 class=\"elementor-heading-title elementor-size-default\">2024\n\n<\/h2>\t\t\t\t<\/div>\n\t\t\t\t<\/div>\n\t\t\t\t\t<\/div>\n\t\t\t\t<\/div>\n\t\t<div class=\"elementor-element elementor-element-2d7a4a9 e-flex e-con-boxed e-con e-parent\" data-id=\"2d7a4a9\" data-element_type=\"container\" data-e-type=\"container\">\n\t\t\t\t\t<div class=\"e-con-inner\">\n\t\t\t\t<div class=\"elementor-element elementor-element-607d171 elementor-widget elementor-widget-text-editor\" data-id=\"607d171\" data-element_type=\"widget\" data-e-type=\"widget\" data-widget_type=\"text-editor.default\">\n\t\t\t\t<div class=\"elementor-widget-container\">\n\t\t\t\t\t\t\t\t\t<p><strong>14 avril, 18h, Eglise St-Laurent, Lausanne<\/strong><\/p><p>J. S. Bach:\u00a0<em>Cantate BWV 103<\/em><\/p><p>Choeur de Chambre de l\u2019Universit\u00e9 de Fribourg<\/p><p>Val\u00e9rie Bonnard, alto<\/p><p>Germain Bardot, t\u00e9nor<\/p><p>Direction: Pascal Mayer<\/p><p><a href=\"https:\/\/www.cantateetparole.org\/\">https:\/\/www.cantateetparole.org\/<\/a><\/p>\t\t\t\t\t\t\t\t<\/div>\n\t\t\t\t<\/div>\n\t\t\t\t\t<\/div>\n\t\t\t\t<\/div>\n\t\t<div class=\"elementor-element elementor-element-ccff066 e-flex e-con-boxed e-con e-parent\" data-id=\"ccff066\" data-element_type=\"container\" data-e-type=\"container\">\n\t\t\t\t\t<div class=\"e-con-inner\">\n\t\t\t\t<div class=\"elementor-element elementor-element-04fcc76 elementor-widget elementor-widget-spacer\" data-id=\"04fcc76\" data-element_type=\"widget\" data-e-type=\"widget\" data-widget_type=\"spacer.default\">\n\t\t\t\t<div class=\"elementor-widget-container\">\n\t\t\t\t\t\t\t<div class=\"elementor-spacer\">\n\t\t\t<div class=\"elementor-spacer-inner\"><\/div>\n\t\t<\/div>\n\t\t\t\t\t\t<\/div>\n\t\t\t\t<\/div>\n\t\t\t\t\t<\/div>\n\t\t\t\t<\/div>\n\t\t<div class=\"elementor-element elementor-element-e249d56 e-flex e-con-boxed e-con e-parent\" data-id=\"e249d56\" data-element_type=\"container\" data-e-type=\"container\">\n\t\t\t\t\t<div class=\"e-con-inner\">\n\t\t\t\t<div class=\"elementor-element elementor-element-9ff3ed9 elementor-widget elementor-widget-text-editor\" data-id=\"9ff3ed9\" data-element_type=\"widget\" data-e-type=\"widget\" data-widget_type=\"text-editor.default\">\n\t\t\t\t<div class=\"elementor-widget-container\">\n\t\t\t\t\t\t\t\t\t<p><strong>1er mai, 20h, Cath\u00e9drale de Lausanne<\/strong><\/p><p>Mozart: <em>Requiem<\/em><\/p><p>Choeur Universitaire de Lausanne<\/p><p>Marie-H\u00e9l\u00e8ne Essade, Val\u00e9rie Bonnard, Augustin Laudet, Stefan Imboden<\/p><p>Direction: Fruzsina Szuromi<\/p><p><a href=\"https:\/\/www.asso-unil.ch\/choeur\/\">https:\/\/www.asso-unil.ch\/choeur\/<\/a><\/p>\t\t\t\t\t\t\t\t<\/div>\n\t\t\t\t<\/div>\n\t\t\t\t\t<\/div>\n\t\t\t\t<\/div>\n\t\t<div class=\"elementor-element elementor-element-9ff5540 e-flex e-con-boxed e-con e-parent\" data-id=\"9ff5540\" data-element_type=\"container\" data-e-type=\"container\">\n\t\t\t\t\t<div class=\"e-con-inner\">\n\t\t\t\t<div class=\"elementor-element elementor-element-b43ddc6 elementor-widget elementor-widget-text-editor\" data-id=\"b43ddc6\" data-element_type=\"widget\" data-e-type=\"widget\" data-widget_type=\"text-editor.default\">\n\t\t\t\t<div class=\"elementor-widget-container\">\n\t\t\t\t\t\t\t\t\t<p style=\"caret-color: #000000; color: #000000; font-style: normal; font-variant-caps: normal; -webkit-text-size-adjust: auto;\"><strong>2 mai, 20h, Temple de Cossonay<\/strong><\/p>\n<p style=\"caret-color: #000000; color: #000000; font-style: normal; font-variant-caps: normal; -webkit-text-size-adjust: auto;\">Bach,&nbsp;<span style=\"font-size: 14px; font-style: normal; font-variant-caps: normal; letter-spacing: var( --e-global-typography-5973a53-letter-spacing ); word-spacing: var( --e-global-typography-5973a53-word-spacing ); text-align: var(--text-align);\">Mozart, Schubert, Berlioz, Verdi<\/span><\/p>\n<p style=\"caret-color: #000000; color: #000000; font-style: normal; font-variant-caps: normal; -webkit-text-size-adjust: auto;\">Val\u00e9rie Bonnard, mezzo-soprano<\/p>\n<p style=\"caret-color: #000000; color: #000000; font-style: normal; font-variant-caps: normal; -webkit-text-size-adjust: auto;\">Alin Anca, baryton<\/p>\n<p style=\"caret-color: #000000; color: #000000; font-style: normal; font-variant-caps: normal; -webkit-text-size-adjust: auto;\">Sandra Meier, piano<\/p>\n<p style=\"caret-color: #000000; color: #000000; font-style: normal; font-variant-caps: normal; -webkit-text-size-adjust: auto;\">Fran\u00e7ois Margot, orgue<\/p>\t\t\t\t\t\t\t\t<\/div>\n\t\t\t\t<\/div>\n\t\t\t\t\t<\/div>\n\t\t\t\t<\/div>\n\t\t<div class=\"elementor-element elementor-element-9568135 e-flex e-con-boxed e-con e-parent\" data-id=\"9568135\" data-element_type=\"container\" data-e-type=\"container\">\n\t\t\t\t\t<div class=\"e-con-inner\">\n\t\t\t\t<div class=\"elementor-element elementor-element-b7e004b elementor-widget elementor-widget-spacer\" data-id=\"b7e004b\" data-element_type=\"widget\" data-e-type=\"widget\" data-widget_type=\"spacer.default\">\n\t\t\t\t<div class=\"elementor-widget-container\">\n\t\t\t\t\t\t\t<div class=\"elementor-spacer\">\n\t\t\t<div class=\"elementor-spacer-inner\"><\/div>\n\t\t<\/div>\n\t\t\t\t\t\t<\/div>\n\t\t\t\t<\/div>\n\t\t\t\t<div class=\"elementor-element elementor-element-7f225ca elementor-widget elementor-widget-spacer\" data-id=\"7f225ca\" data-element_type=\"widget\" data-e-type=\"widget\" data-widget_type=\"spacer.default\">\n\t\t\t\t<div class=\"elementor-widget-container\">\n\t\t\t\t\t\t\t<div class=\"elementor-spacer\">\n\t\t\t<div class=\"elementor-spacer-inner\"><\/div>\n\t\t<\/div>\n\t\t\t\t\t\t<\/div>\n\t\t\t\t<\/div>\n\t\t\t\t<div class=\"elementor-element elementor-element-c23a25a elementor-widget elementor-widget-text-editor\" data-id=\"c23a25a\" data-element_type=\"widget\" data-e-type=\"widget\" data-widget_type=\"text-editor.default\">\n\t\t\t\t<div class=\"elementor-widget-container\">\n\t\t\t\t\t\t\t\t\t<p><b>4 mai, 20h, Temple de La Tour-de-Peilz<\/b><\/p><p>Palmeri: <em>Misa Tango<\/em><\/p><p>Piazzola: <em>Ave Maria<\/em>\u00a0<\/p><p>Choeur Neuf de Lutry<\/p><p>Val\u00e9rie Bonnard, mezzo-soprano<\/p><p>Direction: Laurent J\u00fcni<\/p><p>http<a href=\"http:\/\/choeur-neuf.ch\/\">:\/\/choeur-neuf.ch\/<\/a><\/p><p>\u00a0<\/p>\t\t\t\t\t\t\t\t<\/div>\n\t\t\t\t<\/div>\n\t\t\t\t\t<\/div>\n\t\t\t\t<\/div>\n\t\t<div class=\"elementor-element elementor-element-7dc7d87 e-flex e-con-boxed e-con e-parent\" data-id=\"7dc7d87\" data-element_type=\"container\" data-e-type=\"container\">\n\t\t\t\t\t<div class=\"e-con-inner\">\n\t\t\t\t<div class=\"elementor-element elementor-element-eb9c898 elementor-widget elementor-widget-spacer\" data-id=\"eb9c898\" data-element_type=\"widget\" data-e-type=\"widget\" data-widget_type=\"spacer.default\">\n\t\t\t\t<div class=\"elementor-widget-container\">\n\t\t\t\t\t\t\t<div class=\"elementor-spacer\">\n\t\t\t<div class=\"elementor-spacer-inner\"><\/div>\n\t\t<\/div>\n\t\t\t\t\t\t<\/div>\n\t\t\t\t<\/div>\n\t\t\t\t\t<\/div>\n\t\t\t\t<\/div>\n\t\t<div class=\"elementor-element elementor-element-abc2c60 e-flex e-con-boxed e-con e-parent\" data-id=\"abc2c60\" data-element_type=\"container\" data-e-type=\"container\">\n\t\t\t\t\t<div class=\"e-con-inner\">\n\t\t\t\t<div class=\"elementor-element elementor-element-baad48e elementor-widget elementor-widget-text-editor\" data-id=\"baad48e\" data-element_type=\"widget\" data-e-type=\"widget\" data-widget_type=\"text-editor.default\">\n\t\t\t\t<div class=\"elementor-widget-container\">\n\t\t\t\t\t\t\t\t\t<p><b>5 mai, 17h, Temple de Lutry<\/b><\/p><p>Palmeri: Misa tango<\/p><p>Choeur Neuf de Lutry<\/p><p>Val\u00e9rie Bonnard, mezzo-soprano<\/p><p>Direction: Laurent J\u00fcni<\/p><p><a href=\"http:\/\/choeur-neuf.ch\">http:\/\/choeur-neuf.ch<\/a><\/p>\t\t\t\t\t\t\t\t<\/div>\n\t\t\t\t<\/div>\n\t\t\t\t\t<\/div>\n\t\t\t\t<\/div>\n\t\t<div class=\"elementor-element elementor-element-adfbbec e-flex e-con-boxed e-con e-parent\" data-id=\"adfbbec\" data-element_type=\"container\" data-e-type=\"container\">\n\t\t\t\t\t<div class=\"e-con-inner\">\n\t\t\t\t<div class=\"elementor-element elementor-element-ea7bba5 elementor-widget elementor-widget-text-editor\" data-id=\"ea7bba5\" data-element_type=\"widget\" data-e-type=\"widget\" data-widget_type=\"text-editor.default\">\n\t\t\t\t<div class=\"elementor-widget-container\">\n\t\t\t\t\t\t\t\t\t<p><strong>8 juin, 11h &#8211; 16h, Val d\u2019Anniviers<\/strong><\/p><p>Randonn\u00e9e musicale,<\/p><p>Oeuvres de Bach, Purcell, Holst, Vaughan Williams, Tavener<\/p><p>Val\u00e9rie Bonnard, mezzo-soprano<\/p><p>Pascal Desarzens, violoncelle<\/p><p>Inscription: vbonnard@hotmail.com<\/p>\t\t\t\t\t\t\t\t<\/div>\n\t\t\t\t<\/div>\n\t\t\t\t\t<\/div>\n\t\t\t\t<\/div>\n\t\t<div class=\"elementor-element elementor-element-41528a3 e-flex e-con-boxed e-con e-parent\" data-id=\"41528a3\" data-element_type=\"container\" data-e-type=\"container\">\n\t\t\t\t\t<div class=\"e-con-inner\">\n\t\t\t\t<div class=\"elementor-element elementor-element-fce2dce elementor-widget elementor-widget-spacer\" data-id=\"fce2dce\" data-element_type=\"widget\" data-e-type=\"widget\" data-widget_type=\"spacer.default\">\n\t\t\t\t<div class=\"elementor-widget-container\">\n\t\t\t\t\t\t\t<div class=\"elementor-spacer\">\n\t\t\t<div class=\"elementor-spacer-inner\"><\/div>\n\t\t<\/div>\n\t\t\t\t\t\t<\/div>\n\t\t\t\t<\/div>\n\t\t\t\t\t<\/div>\n\t\t\t\t<\/div>\n\t\t<div class=\"elementor-element elementor-element-a4aeff3 e-flex e-con-boxed e-con e-parent\" data-id=\"a4aeff3\" data-element_type=\"container\" data-e-type=\"container\">\n\t\t\t\t\t<div class=\"e-con-inner\">\n\t\t\t\t<div class=\"elementor-element elementor-element-9bdae71 elementor-widget elementor-widget-text-editor\" data-id=\"9bdae71\" data-element_type=\"widget\" data-e-type=\"widget\" data-widget_type=\"text-editor.default\">\n\t\t\t\t<div class=\"elementor-widget-container\">\n\t\t\t\t\t\t\t\t\t<p><strong>9 juin, 11h &#8211; 16, Val d\u2019Anniviers<\/strong><\/p><p>Randonn\u00e9e musicale<\/p><p>Oeuvres de Bachm Purcell, Holst, Vaughan Williams, Tavener<\/p><p>Val\u00e9rie Bonnard, mezzo-soprano<\/p><p>Pascal Desarzens, violoncelle<\/p><p>Inscription: vbonnard@ hotmail.com<\/p>\t\t\t\t\t\t\t\t<\/div>\n\t\t\t\t<\/div>\n\t\t\t\t\t<\/div>\n\t\t\t\t<\/div>\n\t\t<div class=\"elementor-element elementor-element-144701a e-flex e-con-boxed e-con e-parent\" data-id=\"144701a\" data-element_type=\"container\" data-e-type=\"container\">\n\t\t\t\t\t<div class=\"e-con-inner\">\n\t\t\t\t<div class=\"elementor-element elementor-element-e9ccc38 elementor-widget elementor-widget-text-editor\" data-id=\"e9ccc38\" data-element_type=\"widget\" data-e-type=\"widget\" data-widget_type=\"text-editor.default\">\n\t\t\t\t<div class=\"elementor-widget-container\">\n\t\t\t\t\t\t\t\t\t<p><b>23 juin, Temple de Bussigny<\/b><\/p><p>Vivaldi: <i>Cessate, omai cessate<\/i><\/p><p>Vivaldi: <em>Filiae maestae jerusalem<\/em><\/p><p>Vivaldi: <em>Nisi Dominus<b><\/b><\/em><\/p><p>Val\u00e9rie Bonnard, mezzo-soprano<\/p><p>H\u00e9l\u00e8ne Conrad, Fran\u00e7ois Gottraux: violon<\/p><p>Isabelle Gottraux, Florence de Saussure, alto<\/p><p>Oriane Fohr, violoncelle<\/p>\t\t\t\t\t\t\t\t<\/div>\n\t\t\t\t<\/div>\n\t\t\t\t\t<\/div>\n\t\t\t\t<\/div>\n\t\t<div class=\"elementor-element elementor-element-c48deb0 e-flex e-con-boxed e-con e-parent\" data-id=\"c48deb0\" data-element_type=\"container\" data-e-type=\"container\">\n\t\t\t\t\t<div class=\"e-con-inner\">\n\t\t\t\t<div class=\"elementor-element elementor-element-06cfab4 elementor-widget elementor-widget-spacer\" data-id=\"06cfab4\" data-element_type=\"widget\" data-e-type=\"widget\" data-widget_type=\"spacer.default\">\n\t\t\t\t<div class=\"elementor-widget-container\">\n\t\t\t\t\t\t\t<div class=\"elementor-spacer\">\n\t\t\t<div class=\"elementor-spacer-inner\"><\/div>\n\t\t<\/div>\n\t\t\t\t\t\t<\/div>\n\t\t\t\t<\/div>\n\t\t\t\t\t<\/div>\n\t\t\t\t<\/div>\n\t\t<div class=\"elementor-element elementor-element-886275f e-flex e-con-boxed e-con e-parent\" data-id=\"886275f\" data-element_type=\"container\" data-e-type=\"container\">\n\t\t\t\t\t<div class=\"e-con-inner\">\n\t\t\t\t<div class=\"elementor-element elementor-element-6b28906 elementor-widget elementor-widget-text-editor\" data-id=\"6b28906\" data-element_type=\"widget\" data-e-type=\"widget\" data-widget_type=\"text-editor.default\">\n\t\t\t\t<div class=\"elementor-widget-container\">\n\t\t\t\t\t\t\t\t\t<p><b>29 juin, 10h &#8211; 15h, Val d\u2019H\u00e9rens<\/b><\/p><p>Randonn\u00e9e musicale<\/p><p>Oeuvres de Bach, Holst, Tavener, et autres<\/p><p>Val\u00e9rie Bonnard, mezzo-soprano<\/p><p>Pascal Desarzens, violoncelle<\/p>\t\t\t\t\t\t\t\t<\/div>\n\t\t\t\t<\/div>\n\t\t\t\t\t<\/div>\n\t\t\t\t<\/div>\n\t\t<div class=\"elementor-element elementor-element-4580325 e-flex e-con-boxed e-con e-parent\" data-id=\"4580325\" data-element_type=\"container\" data-e-type=\"container\">\n\t\t\t\t\t<div class=\"e-con-inner\">\n\t\t\t\t<div class=\"elementor-element elementor-element-84d48bb elementor-widget elementor-widget-spacer\" data-id=\"84d48bb\" data-element_type=\"widget\" data-e-type=\"widget\" data-widget_type=\"spacer.default\">\n\t\t\t\t<div class=\"elementor-widget-container\">\n\t\t\t\t\t\t\t<div class=\"elementor-spacer\">\n\t\t\t<div class=\"elementor-spacer-inner\"><\/div>\n\t\t<\/div>\n\t\t\t\t\t\t<\/div>\n\t\t\t\t<\/div>\n\t\t\t\t\t<\/div>\n\t\t\t\t<\/div>\n\t\t<div class=\"elementor-element elementor-element-c8de5ca e-flex e-con-boxed e-con e-parent\" data-id=\"c8de5ca\" data-element_type=\"container\" data-e-type=\"container\">\n\t\t\t\t\t<div class=\"e-con-inner\">\n\t\t\t\t<div class=\"elementor-element elementor-element-22a8145 elementor-widget elementor-widget-text-editor\" data-id=\"22a8145\" data-element_type=\"widget\" data-e-type=\"widget\" data-widget_type=\"text-editor.default\">\n\t\t\t\t<div class=\"elementor-widget-container\">\n\t\t\t\t\t\t\t\t\t<p><b>30 juin, 10h &#8211; 15h, Val d\u2019H\u00e9rens<\/b><\/p><p>Randonn\u00e9e musicale<\/p><p>Oeuvres de Bach, Holst, Tavener et autres<\/p><p>Val\u00e9rie Bonnard, mezzo-soprano<\/p><p>Pascal Desarzens, violoncelle<\/p>\t\t\t\t\t\t\t\t<\/div>\n\t\t\t\t<\/div>\n\t\t\t\t\t<\/div>\n\t\t\t\t<\/div>\n\t\t<div class=\"elementor-element elementor-element-44da177 e-flex e-con-boxed e-con e-parent\" data-id=\"44da177\" data-element_type=\"container\" data-e-type=\"container\">\n\t\t\t\t\t<div class=\"e-con-inner\">\n\t\t\t\t<div class=\"elementor-element elementor-element-9401c48 elementor-widget elementor-widget-text-editor\" data-id=\"9401c48\" data-element_type=\"widget\" data-e-type=\"widget\" data-widget_type=\"text-editor.default\">\n\t\t\t\t<div class=\"elementor-widget-container\">\n\t\t\t\t\t\t\t\t\t<p><strong>1er novembre, 19h, Temple d\u2019Echallens (VD)<\/strong><\/p><p>Mozart: Requiem (version de Czerny pour piano \u00e0 4 mains)<\/p><p>Choeur ad hoc<\/p><p>V\u00e9ronique Piller et J\u00e9r\u00f4me Kus, piano<\/p><p>Gyslaine Waelchli, soprano<\/p><p>Val\u00e9rie Bonnard, alto<\/p><p>Valentin Bezan\u00e7on, t\u00e9nor<\/p><p>Martin Buchmann, basse<\/p><p>Direction: Pascal Mayer<\/p>\t\t\t\t\t\t\t\t<\/div>\n\t\t\t\t<\/div>\n\t\t\t\t\t<\/div>\n\t\t\t\t<\/div>\n\t\t<div class=\"elementor-element elementor-element-978ab21 e-flex e-con-boxed e-con e-parent\" data-id=\"978ab21\" data-element_type=\"container\" data-e-type=\"container\">\n\t\t\t\t\t<div class=\"e-con-inner\">\n\t\t\t\t<div class=\"elementor-element elementor-element-f1a6def elementor-widget elementor-widget-spacer\" data-id=\"f1a6def\" data-element_type=\"widget\" data-e-type=\"widget\" data-widget_type=\"spacer.default\">\n\t\t\t\t<div class=\"elementor-widget-container\">\n\t\t\t\t\t\t\t<div class=\"elementor-spacer\">\n\t\t\t<div class=\"elementor-spacer-inner\"><\/div>\n\t\t<\/div>\n\t\t\t\t\t\t<\/div>\n\t\t\t\t<\/div>\n\t\t\t\t\t<\/div>\n\t\t\t\t<\/div>\n\t\t<div class=\"elementor-element elementor-element-65f6c85 e-flex e-con-boxed e-con e-parent\" data-id=\"65f6c85\" data-element_type=\"container\" data-e-type=\"container\">\n\t\t\t\t\t<div class=\"e-con-inner\">\n\t\t\t\t<div class=\"elementor-element elementor-element-eec67cd elementor-widget elementor-widget-text-editor\" data-id=\"eec67cd\" data-element_type=\"widget\" data-e-type=\"widget\" data-widget_type=\"text-editor.default\">\n\t\t\t\t<div class=\"elementor-widget-container\">\n\t\t\t\t\t\t\t\t\t<p><b>3 novembre, 17h, Temple de Lutry<\/b><\/p><p><span style=\"font-size: 14px; letter-spacing: var( --e-global-typography-5973a53-letter-spacing ); word-spacing: var( --e-global-typography-5973a53-word-spacing ); text-align: var(--text-align);\">Gossec: <\/span><i style=\"font-size: 14px; letter-spacing: var( --e-global-typography-5973a53-letter-spacing ); word-spacing: var( --e-global-typography-5973a53-word-spacing ); text-align: var(--text-align);\">Messe des morts<\/i><\/p><p>Chapelle Vocale de Lausanne<\/p><p>Ensemble Baroque du L\u00e9man<\/p><p>C. Tilquin, V. Bonnard, T. Blanchet, R. Hardmeyer<\/p><p>Direction: Gonzalo Martinez<\/p>\t\t\t\t\t\t\t\t<\/div>\n\t\t\t\t<\/div>\n\t\t\t\t\t<\/div>\n\t\t\t\t<\/div>\n\t\t<div class=\"elementor-element elementor-element-231a212 e-flex e-con-boxed e-con e-parent\" data-id=\"231a212\" data-element_type=\"container\" data-e-type=\"container\">\n\t\t\t\t\t<div class=\"e-con-inner\">\n\t\t\t\t<div class=\"elementor-element elementor-element-2d6eda7 elementor-widget elementor-widget-spacer\" data-id=\"2d6eda7\" data-element_type=\"widget\" data-e-type=\"widget\" data-widget_type=\"spacer.default\">\n\t\t\t\t<div class=\"elementor-widget-container\">\n\t\t\t\t\t\t\t<div class=\"elementor-spacer\">\n\t\t\t<div class=\"elementor-spacer-inner\"><\/div>\n\t\t<\/div>\n\t\t\t\t\t\t<\/div>\n\t\t\t\t<\/div>\n\t\t\t\t\t<\/div>\n\t\t\t\t<\/div>\n\t\t<div class=\"elementor-element elementor-element-1ae8830 e-flex e-con-boxed e-con e-parent\" data-id=\"1ae8830\" data-element_type=\"container\" data-e-type=\"container\">\n\t\t\t\t\t<div class=\"e-con-inner\">\n\t\t\t\t<div class=\"elementor-element elementor-element-fd4f576 elementor-widget elementor-widget-text-editor\" data-id=\"fd4f576\" data-element_type=\"widget\" data-e-type=\"widget\" data-widget_type=\"text-editor.default\">\n\t\t\t\t<div class=\"elementor-widget-container\">\n\t\t\t\t\t\t\t\t\t<p><b>23 novembre, 20h, Salle Paderewski, Lausanne<\/b><\/p><p>Mascagni:\u00a0<em>Cavalleria rusticana<\/em><\/p><p>Loredana Catalano, Santuzza<\/p><p>David Esteban, Turiddu<\/p><p>Val\u00e9rie Bonnard, Lucia<b><\/b><\/p><p>F\u00e9lix Le Gloahec, Alfio<b><\/b><\/p><p>Claire Cervera, Lola<\/p><p>Choeur Calliope<\/p><p>Orchestre Amabilis<\/p><p>Florence Grivat Favre, cheffe de choeur<\/p><p>Mise en sc\u00e8ne: Coralie Vollichard<\/p><p>Direction: Ferran Gili-Millera<\/p><p><a href=\"https:\/\/www.amabilis.ch\/concerts\/cavalleria-rusticana\/\">https:\/\/www.amabilis.ch\/concerts\/cavalleria-rusticana\/<\/a><\/p>\t\t\t\t\t\t\t\t<\/div>\n\t\t\t\t<\/div>\n\t\t\t\t\t<\/div>\n\t\t\t\t<\/div>\n\t\t<div class=\"elementor-element elementor-element-58338f3 e-flex e-con-boxed e-con e-parent\" data-id=\"58338f3\" data-element_type=\"container\" data-e-type=\"container\">\n\t\t\t\t\t<div class=\"e-con-inner\">\n\t\t\t\t<div class=\"elementor-element elementor-element-7c8fd06 elementor-widget elementor-widget-spacer\" data-id=\"7c8fd06\" data-element_type=\"widget\" data-e-type=\"widget\" data-widget_type=\"spacer.default\">\n\t\t\t\t<div class=\"elementor-widget-container\">\n\t\t\t\t\t\t\t<div class=\"elementor-spacer\">\n\t\t\t<div class=\"elementor-spacer-inner\"><\/div>\n\t\t<\/div>\n\t\t\t\t\t\t<\/div>\n\t\t\t\t<\/div>\n\t\t\t\t<div class=\"elementor-element elementor-element-aa0cabb elementor-widget elementor-widget-text-editor\" data-id=\"aa0cabb\" data-element_type=\"widget\" data-e-type=\"widget\" data-widget_type=\"text-editor.default\">\n\t\t\t\t<div class=\"elementor-widget-container\">\n\t\t\t\t\t\t\t\t\t<p><b>24 novembre, 17h, Salle Paderewski, Lausanne<\/b><\/p><p>Mascagni: <em>Cavalleria rusticana<\/em><\/p><p>Idem<\/p>\t\t\t\t\t\t\t\t<\/div>\n\t\t\t\t<\/div>\n\t\t\t\t\t<\/div>\n\t\t\t\t<\/div>\n\t\t<div class=\"elementor-element elementor-element-af3777b e-flex e-con-boxed e-con e-parent\" data-id=\"af3777b\" data-element_type=\"container\" data-e-type=\"container\">\n\t\t\t\t\t<div class=\"e-con-inner\">\n\t\t\t\t<div class=\"elementor-element elementor-element-788ccba elementor-widget elementor-widget-text-editor\" data-id=\"788ccba\" data-element_type=\"widget\" data-e-type=\"widget\" data-widget_type=\"text-editor.default\">\n\t\t\t\t<div class=\"elementor-widget-container\">\n\t\t\t\t\t\t\t\t\t<p><strong>6 d\u00e9cembre, 20h, Temple de Rolle<\/strong><\/p><p>J. Haydn: <em>Missa in tempore belli (Paukenmesse)<\/em><\/p><p>F. Mendelssohn:\u00a0<em>Lauda Sion op. 73<\/em><\/p><p>Choeur \u00a0Cantabile<\/p><p>Orchestre Sinfonietta de Lausanne<\/p><p>Anne Montandon, soprano<\/p><p>Val\u00e9rie Bonnard, mezzo<\/p><p>Fernando Cuellar, t\u00e9nor<\/p><p>Sacha Michon, baryton<\/p><p>Direction: Marius Marcu<\/p><p><a href=\"https:\/\/www.choeurcantabile.ch\/\">https:\/\/www.choeurcantabile.ch\/<\/a><\/p>\t\t\t\t\t\t\t\t<\/div>\n\t\t\t\t<\/div>\n\t\t\t\t\t<\/div>\n\t\t\t\t<\/div>\n\t\t<div class=\"elementor-element elementor-element-cacde25 e-flex e-con-boxed e-con e-parent\" data-id=\"cacde25\" data-element_type=\"container\" data-e-type=\"container\">\n\t\t\t\t\t<div class=\"e-con-inner\">\n\t\t\t\t<div class=\"elementor-element elementor-element-c31f4be elementor-widget elementor-widget-spacer\" data-id=\"c31f4be\" data-element_type=\"widget\" data-e-type=\"widget\" data-widget_type=\"spacer.default\">\n\t\t\t\t<div class=\"elementor-widget-container\">\n\t\t\t\t\t\t\t<div class=\"elementor-spacer\">\n\t\t\t<div class=\"elementor-spacer-inner\"><\/div>\n\t\t<\/div>\n\t\t\t\t\t\t<\/div>\n\t\t\t\t<\/div>\n\t\t\t\t\t<\/div>\n\t\t\t\t<\/div>\n\t\t<div class=\"elementor-element elementor-element-60eddfd e-flex e-con-boxed e-con e-parent\" data-id=\"60eddfd\" data-element_type=\"container\" data-e-type=\"container\">\n\t\t\t\t\t<div class=\"e-con-inner\">\n\t\t\t\t<div class=\"elementor-element elementor-element-2c8c47c elementor-widget elementor-widget-text-editor\" data-id=\"2c8c47c\" data-element_type=\"widget\" data-e-type=\"widget\" data-widget_type=\"text-editor.default\">\n\t\t\t\t<div class=\"elementor-widget-container\">\n\t\t\t\t\t\t\t\t\t<p><strong>8 d\u00e9cembre, 17h, Temple de Rolle<\/strong><\/p><p>J. Haydn: <i>Missa in tempore belli (Paukenmesse)<\/i><\/p><p>F. Mendelssohn:\u00a0<em>Lauda Sion op. 73<\/em><\/p><p>Idem<\/p>\t\t\t\t\t\t\t\t<\/div>\n\t\t\t\t<\/div>\n\t\t\t\t\t<\/div>\n\t\t\t\t<\/div>\n\t\t<div class=\"elementor-element elementor-element-7975089 e-flex e-con-boxed e-con e-parent\" data-id=\"7975089\" data-element_type=\"container\" data-e-type=\"container\">\n\t\t\t\t\t<div class=\"e-con-inner\">\n\t\t\t\t<div class=\"elementor-element elementor-element-d674818 elementor-widget elementor-widget-spacer\" data-id=\"d674818\" data-element_type=\"widget\" data-e-type=\"widget\" data-widget_type=\"spacer.default\">\n\t\t\t\t<div class=\"elementor-widget-container\">\n\t\t\t\t\t\t\t<div class=\"elementor-spacer\">\n\t\t\t<div class=\"elementor-spacer-inner\"><\/div>\n\t\t<\/div>\n\t\t\t\t\t\t<\/div>\n\t\t\t\t<\/div>\n\t\t\t\t\t<\/div>\n\t\t\t\t<\/div>\n\t\t<div class=\"elementor-element elementor-element-fd12649 e-flex e-con-boxed e-con e-parent\" data-id=\"fd12649\" data-element_type=\"container\" data-e-type=\"container\">\n\t\t\t\t\t<div class=\"e-con-inner\">\n\t\t\t\t<div class=\"elementor-element elementor-element-8bdbe51 elementor-widget elementor-widget-text-editor\" data-id=\"8bdbe51\" data-element_type=\"widget\" data-e-type=\"widget\" data-widget_type=\"text-editor.default\">\n\t\t\t\t<div class=\"elementor-widget-container\">\n\t\t\t\t\t\t\t\t\t<p><strong>15 d\u00e9cembre, 17h, Temple de Coppet<\/strong><\/p><p>J. Haydn: <i>Missa in tempore belli (Paukenmesse)<\/i><\/p><p>F. Mendelssohn: <i>Lauda Sion op 73<\/i><\/p><p>Idem<\/p>\t\t\t\t\t\t\t\t<\/div>\n\t\t\t\t<\/div>\n\t\t\t\t\t<\/div>\n\t\t\t\t<\/div>\n\t\t\t\t<\/div>\n\t\t","protected":false},"excerpt":{"rendered":"<p>2024 14 avril, 18h, Eglise St-Laurent, Lausanne J. S. Bach:\u00a0Cantate BWV 103 Choeur de Chambre de l\u2019Universit\u00e9 de Fribourg Val\u00e9rie Bonnard, alto Germain Bardot, t\u00e9nor Direction: Pascal Mayer https:\/\/www.cantateetparole.org\/ 1er mai, 20h, Cath\u00e9drale de Lausanne Mozart: Requiem Choeur Universitaire de Lausanne Marie-H\u00e9l\u00e8ne Essade, Val\u00e9rie Bonnard, Augustin Laudet, Stefan Imboden Direction: Fruzsina Szuromi https:\/\/www.asso-unil.ch\/choeur\/ 2 mai, [&hellip;]<\/p>\n","protected":false},"author":1,"featured_media":0,"parent":234,"menu_order":0,"comment_status":"closed","ping_status":"closed","template":"","meta":{"tpgb_global_settings":"","ocean_front_end_style_editor":"no","ocean_post_layout":"","ocean_both_sidebars_style":"","ocean_both_sidebars_content_width":0,"ocean_both_sidebars_sidebars_width":0,"ocean_sidebar":"","ocean_second_sidebar":"","ocean_disable_margins":"enable","ocean_add_body_class":"","ocean_shortcode_before_top_bar":"","ocean_shortcode_after_top_bar":"","ocean_shortcode_before_header":"","ocean_shortcode_after_header":"","ocean_has_shortcode":"","ocean_shortcode_after_title":"","ocean_shortcode_before_footer_widgets":"","ocean_shortcode_after_footer_widgets":"","ocean_shortcode_before_footer_bottom":"","ocean_shortcode_after_footer_bottom":"","ocean_display_top_bar":"default","ocean_display_header":"default","ocean_header_style":"","ocean_center_header_left_menu":"","ocean_custom_header_template":"","ocean_custom_logo":0,"ocean_custom_retina_logo":0,"ocean_custom_logo_max_width":0,"ocean_custom_logo_tablet_max_width":0,"ocean_custom_logo_mobile_max_width":0,"ocean_custom_logo_max_height":0,"ocean_custom_logo_tablet_max_height":0,"ocean_custom_logo_mobile_max_height":0,"ocean_header_custom_menu":"","ocean_menu_typo_font_family":"","ocean_menu_typo_font_subset":"","ocean_menu_typo_font_size":0,"ocean_menu_typo_font_size_tablet":0,"ocean_menu_typo_font_size_mobile":0,"ocean_menu_typo_font_size_unit":"px","ocean_menu_typo_font_weight":"","ocean_menu_typo_font_weight_tablet":"","ocean_menu_typo_font_weight_mobile":"","ocean_menu_typo_transform":"","ocean_menu_typo_transform_tablet":"","ocean_menu_typo_transform_mobile":"","ocean_menu_typo_line_height":0,"ocean_menu_typo_line_height_tablet":0,"ocean_menu_typo_line_height_mobile":0,"ocean_menu_typo_line_height_unit":"","ocean_menu_typo_spacing":0,"ocean_menu_typo_spacing_tablet":0,"ocean_menu_typo_spacing_mobile":0,"ocean_menu_typo_spacing_unit":"","ocean_menu_link_color":"","ocean_menu_link_color_hover":"","ocean_menu_link_color_active":"","ocean_menu_link_background":"","ocean_menu_link_hover_background":"","ocean_menu_link_active_background":"","ocean_menu_social_links_bg":"","ocean_menu_social_hover_links_bg":"","ocean_menu_social_links_color":"","ocean_menu_social_hover_links_color":"","ocean_disable_title":"default","ocean_disable_heading":"default","ocean_post_title":"","ocean_post_subheading":"","ocean_post_title_style":"","ocean_post_title_background_color":"","ocean_post_title_background":0,"ocean_post_title_bg_image_position":"","ocean_post_title_bg_image_attachment":"","ocean_post_title_bg_image_repeat":"","ocean_post_title_bg_image_size":"","ocean_post_title_height":0,"ocean_post_title_bg_overlay":0.5,"ocean_post_title_bg_overlay_color":"","ocean_disable_breadcrumbs":"default","ocean_breadcrumbs_color":"","ocean_breadcrumbs_separator_color":"","ocean_breadcrumbs_links_color":"","ocean_breadcrumbs_links_hover_color":"","ocean_display_footer_widgets":"default","ocean_display_footer_bottom":"default","ocean_custom_footer_template":"","footnotes":""},"class_list":["post-482","page","type-page","status-publish","hentry","entry"],"tpgb_featured_images":null,"tpgb_post_meta_info":{"get_date":"mars 10, 2024","get_modified_date":"octobre 26, 2024","author_name":"admin","author_url":"https:\/\/valeriebonnard.com\/?author=1","author_email":"valeriebonnard@baladesenchantees.ch","author_website":"","author_description":"","author_facebook":"","author_twitter":"","author_instagram":"","author_role":["administrator"],"author_firstname":"","author_lastname":"","user_login":"valeriebonnard_vcmcn185","author_avatar":"<img alt='' src='https:\/\/secure.gravatar.com\/avatar\/8354f75e9d36b5cdd99c908352c80f8f11744e70db58131a1040f183bcd8f46c?s=200&#038;d=mm&#038;r=g' srcset='https:\/\/secure.gravatar.com\/avatar\/8354f75e9d36b5cdd99c908352c80f8f11744e70db58131a1040f183bcd8f46c?s=400&#038;d=mm&#038;r=g 2x' class='avatar avatar-200 photo' height='200' width='200' decoding='async'\/>","author_avatar_url":"https:\/\/secure.gravatar.com\/avatar\/8354f75e9d36b5cdd99c908352c80f8f11744e70db58131a1040f183bcd8f46c?s=96&d=mm&r=g","comment_count":0,"post_likes":0,"post_views":0},"tpgb_post_category":[],"_links":{"self":[{"href":"https:\/\/valeriebonnard.com\/index.php?rest_route=\/wp\/v2\/pages\/482","targetHints":{"allow":["GET"]}}],"collection":[{"href":"https:\/\/valeriebonnard.com\/index.php?rest_route=\/wp\/v2\/pages"}],"about":[{"href":"https:\/\/valeriebonnard.com\/index.php?rest_route=\/wp\/v2\/types\/page"}],"author":[{"embeddable":true,"href":"https:\/\/valeriebonnard.com\/index.php?rest_route=\/wp\/v2\/users\/1"}],"replies":[{"embeddable":true,"href":"https:\/\/valeriebonnard.com\/index.php?rest_route=%2Fwp%2Fv2%2Fcomments&post=482"}],"version-history":[{"count":133,"href":"https:\/\/valeriebonnard.com\/index.php?rest_route=\/wp\/v2\/pages\/482\/revisions"}],"predecessor-version":[{"id":696,"href":"https:\/\/valeriebonnard.com\/index.php?rest_route=\/wp\/v2\/pages\/482\/revisions\/696"}],"up":[{"embeddable":true,"href":"https:\/\/valeriebonnard.com\/index.php?rest_route=\/wp\/v2\/pages\/234"}],"wp:attachment":[{"href":"https:\/\/valeriebonnard.com\/index.php?rest_route=%2Fwp%2Fv2%2Fmedia&parent=482"}],"curies":[{"name":"wp","href":"https:\/\/api.w.org\/{rel}","templated":true}]}}