{"id":25,"date":"2023-11-01T09:02:26","date_gmt":"2023-11-01T09:02:26","guid":{"rendered":"https:\/\/valeriebonnard.com\/?page_id=25"},"modified":"2024-03-10T12:51:58","modified_gmt":"2024-03-10T12:51:58","slug":"2023-2","status":"publish","type":"page","link":"https:\/\/valeriebonnard.com\/?page_id=25","title":{"rendered":"2023"},"content":{"rendered":"\t\t<div data-elementor-type=\"wp-page\" data-elementor-id=\"25\" class=\"elementor elementor-25\">\n\t\t\t\t<div class=\"elementor-element elementor-element-ca0f2d8 e-flex e-con-boxed e-con e-parent\" data-id=\"ca0f2d8\" data-element_type=\"container\" data-e-type=\"container\">\n\t\t\t\t\t<div class=\"e-con-inner\">\n\t\t\t\t<div class=\"elementor-element elementor-element-647c636 elementor-widget elementor-widget-text-editor\" data-id=\"647c636\" data-element_type=\"widget\" data-e-type=\"widget\" data-widget_type=\"text-editor.default\">\n\t\t\t\t<div class=\"elementor-widget-container\">\n\t\t\t\t\t\t\t\t\t<h2>\u00a0<\/h2><p><b>2023<\/b><\/p><div><b><span dir=\"ltr\">2 avril, 19h<\/span>, Eglise de Saints-Pierre-et-Paul, Villars-sur-Gl\u00e2ne\u00a0<\/b><\/div><div>C. Monteverdi: <i>Vespro della beata Vergine<\/i><\/div><div>Choeur de May<\/div><div>Ensemble Les Cornets Noirs<\/div><div>A. Savall, A. Vuillemier, V. Bonnard, T. Blancher, P. Udland Johansen, N. Pernet, M. Kuhn<\/div><div>Direction: Nicolas Wyssm\u00fcller<\/div><div><a href=\"file:\/\/\/var\/tmp\/com.apple.email.maild\/EMContentRepresentation\/com.apple.mobilemail\/F1002E69-C09E-464B-9981-BADE82147DDE\/%22\">https:\/\/www.choeurdemay.ch<\/a><\/div><div>\u00a0<\/div><div><b><span dir=\"ltr\">6 avril, 20h<\/span>, Bulle (concert priv\u00e9)<\/b><\/div><div>C. Monteverdi: <i>Vespro della beata Vergine<\/i><\/div><div>Idem<\/div><div>\u00a0<\/div><div><b><span dir=\"ltr\">7 avril, 11h<\/span>, Eglise St-Th\u00e9odule, Gruy\u00e8res<\/b><\/div><div>C. Monteverdi: <i>Vespro della beata Vergine<\/i><\/div><div>Idem<\/div><div><a href=\"file:\/\/\/var\/tmp\/com.apple.email.maild\/EMContentRepresentation\/com.apple.mobilemail\/F1002E69-C09E-464B-9981-BADE82147DDE\/%22\">https:\/\/www.choeurdemay.ch<\/a><\/div><div>\u00a0<\/div><div><b><span dir=\"ltr\">29 avril, 18h<\/span>, Temple de la Madeleine, Gen\u00e8ve<\/b><\/div><div>J. S. Bach: <i>Cantates BWV 4 + BWV 182<\/i><\/div><div>G. F. Haendel: <i>Dixit Dominus<\/i><\/div><div>Choeur La Psalette de Gen\u00e8ve<\/div><div>Ensemble Baroque du L\u00e9man<\/div><div>Direction: Steve Dunn<\/div><div><a href=\"file:\/\/\/var\/tmp\/com.apple.email.maild\/EMContentRepresentation\/com.apple.mobilemail\/F1002E69-C09E-464B-9981-BADE82147DDE\/%22\">https:\/\/www.psallette.ch<\/a><\/div><div>\u00a0<\/div><div><b><span dir=\"ltr\">30 avril, 17h<\/span>, Eglise Saint-Germain, Gen\u00e8ve<\/b><\/div><div>J. S. Bach: <i>Cantates BWV 4 + BWV 182<\/i><\/div><div>G. F. Haendel: <i>Dixit Dominus<\/i><\/div><div><i>Idem<\/i><\/div><div><a href=\"file:\/\/\/var\/tmp\/com.apple.email.maild\/EMContentRepresentation\/com.apple.mobilemail\/F1002E69-C09E-464B-9981-BADE82147DDE\/%22\">https:\/\/www.psallette.ch<\/a><\/div><div>\u00a0<\/div><div><b><span dir=\"ltr\">13 mai, 20h30<\/span>, Fribourg<\/b><\/div><div>L. Spohr: <i>Die letzten Dinge<\/i><\/div><div>Choeur de l&rsquo;Universit\u00e9 et de Jeunesse Musicale de Fribourg<\/div><div>Orchestre de Chambre de Fribourg<\/div><div>Cl\u00e9mence Tilquin, Val\u00e9rie Bonnard, Germain Bardot, Ren\u00e9 Perler<\/div><div>Direction: Jean-Luc Waeber<\/div><div><a href=\"file:\/\/\/var\/tmp\/com.apple.email.maild\/EMContentRepresentation\/com.apple.mobilemail\/F1002E69-C09E-464B-9981-BADE82147DDE\/%22\">https:\/\/www.unifr.ch\/cujm\/fr\/<\/a><\/div><div>\u00a0<\/div><div><b><span dir=\"ltr\">14 mai, 17h<\/span>, Fribourg<\/b><\/div><div>L. Spohr: <i>Die letzten Dinge<\/i><\/div><div>Idem<\/div><div><a href=\"file:\/\/\/var\/tmp\/com.apple.email.maild\/EMContentRepresentation\/com.apple.mobilemail\/F1002E69-C09E-464B-9981-BADE82147DDE\/%22\">https:\/\/www.unifr.ch\/cujm\/fr\/<\/a><\/div><div>\u00a0<\/div><div><b>27 mai, 10h-15h, Val d\u2019H\u00e9rens (VS)<\/b><\/div><div>Randonn\u00e9e musicale: trois concerts &#8211; trois chapelles<\/div><div>Les Haud\u00e8res, La Sage, La Forclaz<\/div><div>Isabel Neligan, violon<\/div><div>Val\u00e9rie Bonnard, mezzo-soprano<\/div><div>Bach, Telemann, Holst, Ysa\u00ffe, Piazzola<\/div><div>\u00a0<\/div><div><b>25 juin, 11h, Temple de Bussigny (VD)<\/b><\/div><div>A. Vivaldi: <i>Stabat Mater<\/i><\/div><div>F. Gottraux, F. de Saussure, violon<\/div><div>I. Gottraux, alto<\/div><div>H. Skomedal, violoncelle<\/div><div>C. Cavin-Cornu, clavecin<\/div><div>Val\u00e9rie Bonnard, mezzo-soprano<\/div><div>\u00a0<\/div><div><b>25 juin, 15h, Temple de Bussigny<\/b><\/div><div>J. Brahms: <i>Zwei Ges\u00e4nge, <\/i>op.91<\/div><div>G. Lekeu: <i>Nocturne<\/i><\/div><div>E. Chausson: <i>Chanson perp\u00e9tuelle<\/i><\/div><div><div style=\"font-variant-caps: normal; font-family: Roboto, sans-serif; font-size: 14px; font-style: normal;\">F. Gottraux, F. de Saussure, violon<\/div><div style=\"font-variant-caps: normal; font-family: Roboto, sans-serif; font-size: 14px; font-style: normal;\">I. Gottraux, alto<\/div><div style=\"font-variant-caps: normal; font-family: Roboto, sans-serif; font-size: 14px; font-style: normal;\">H. Skomedal, violoncelle<\/div><div style=\"font-variant-caps: normal; font-family: Roboto, sans-serif; font-size: 14px; font-style: normal;\">V. Vignon, piano<\/div><div style=\"font-variant-caps: normal; font-family: Roboto, sans-serif; font-size: 14px; font-style: normal;\">V. Bonnard, mezzo-soprano<\/div><div style=\"font-variant-caps: normal; font-family: Roboto, sans-serif; font-size: 14px; font-style: normal;\">\u00a0<\/div><\/div><div><b><span dir=\"ltr\">18 juin, 17h<\/span>, Th\u00e9\u00e2tre du Jorat, M\u00e9zi\u00e8res<\/b><\/div><div>V. Villard: <i>Natures <\/i>(cr\u00e9ation)<\/div><div>H. Honnegger:\u00a0<i>Judith (extrait)<\/i><\/div><div>G. Doret: <i>Chanson d\u2019Ali\u00e9nor<\/i><\/div><div>Choeur Pro Arte de Lausanne<\/div><div>Sinfonietta<\/div><div>Clara Meloni, Val\u00e9rie Bonnard, R\u00e9my Burnens, Vincent Casagrande<\/div><div>Direction: Pascal Mayer<\/div><div><a href=\"file:\/\/\/var\/tmp\/com.apple.email.maild\/EMContentRepresentation\/com.apple.mobilemail\/F1002E69-C09E-464B-9981-BADE82147DDE\/%22\">https:\/\/www.cpal.ch<\/a><\/div><div>\u00a0<\/div><div><b>7 octobre, 17h, Salle Franz Liszt, Conservatoire de Gen\u00e8ve<\/b><\/div><div>Hommage \u00e0 Kathleen Ferrier<\/div><div>Monteverdi, Bach, Brahms, Mahler<\/div><div>\u00a0<\/div><div><b><span dir=\"ltr\">18 novembre, 20h30, Eglise du Sacr\u00e9-Coeur, Lausanne<\/span><\/b><\/div><div>G. Rossini: <i>Petite Messe Solennelle<\/i><\/div><div>Ensemble Mimesis<\/div><div>C. Tilquin, V. Bonnard, L. Vermot Desroches, R. Hardmeyer<\/div><div>Direction: Dario Alasia<\/div><div><a href=\"file:\/\/\/var\/tmp\/com.apple.email.maild\/EMContentRepresentation\/com.apple.mobilemail\/F1002E69-C09E-464B-9981-BADE82147DDE\/%22\">https:\/\/www.mimesis.ch<\/a><\/div><div>\u00a0<\/div><div><b><span dir=\"ltr\">19 novembre, 17h, Temple d\u2019Echallens<\/span><\/b><\/div><div>G. Rossini: <i>Petite Messe Solennelle<\/i><\/div><div>Idem<\/div><div>\u00a0<\/div><div>\u00a0<\/div>\t\t\t\t\t\t\t\t<\/div>\n\t\t\t\t<\/div>\n\t\t\t\t\t<\/div>\n\t\t\t\t<\/div>\n\t\t<div class=\"elementor-element elementor-element-2793f2e e-flex e-con-boxed e-con e-parent\" data-id=\"2793f2e\" data-element_type=\"container\" data-e-type=\"container\">\n\t\t\t\t\t<div class=\"e-con-inner\">\n\t\t\t\t<div class=\"elementor-element elementor-element-7624839 elementor-widget elementor-widget-wp-widget-pages\" data-id=\"7624839\" data-element_type=\"widget\" data-e-type=\"widget\" data-widget_type=\"wp-widget-pages.default\">\n\t\t\t\t<div class=\"elementor-widget-container\">\n\t\t\t\t\t<h5>Pages<\/h5>\n\t\t\t<ul>\n\t\t\t\t<li class=\"page_item page-item-234 page_item_has_children\"><a href=\"https:\/\/valeriebonnard.com\/?page_id=234\">Agenda<\/a>\n<ul class='children'>\n\t<li class=\"page_item page-item-91\"><a href=\"https:\/\/valeriebonnard.com\/?page_id=91\">2019<\/a><\/li>\n\t<li class=\"page_item page-item-94\"><a href=\"https:\/\/valeriebonnard.com\/?page_id=94\">2020<\/a><\/li>\n\t<li class=\"page_item page-item-95\"><a href=\"https:\/\/valeriebonnard.com\/?page_id=95\">2021<\/a><\/li>\n\t<li class=\"page_item page-item-96\"><a href=\"https:\/\/valeriebonnard.com\/?page_id=96\">2022<\/a><\/li>\n\t<li class=\"page_item page-item-25\"><a href=\"https:\/\/valeriebonnard.com\/?page_id=25\">2023<\/a><\/li>\n\t<li class=\"page_item page-item-482\"><a href=\"https:\/\/valeriebonnard.com\/?page_id=482\">2024<\/a><\/li>\n\t<li class=\"page_item page-item-734\"><a href=\"https:\/\/valeriebonnard.com\/?page_id=734\">2025<\/a><\/li>\n\t<li class=\"page_item page-item-875\"><a href=\"https:\/\/valeriebonnard.com\/?page_id=875\">2026<\/a><\/li>\n<\/ul>\n<\/li>\n<li class=\"page_item page-item-15\"><a href=\"https:\/\/valeriebonnard.com\/?page_id=15\">Biographie<\/a><\/li>\n<li class=\"page_item page-item-118\"><a href=\"https:\/\/valeriebonnard.com\/?page_id=118\">Contact<\/a><\/li>\n<li class=\"page_item page-item-702\"><a href=\"https:\/\/valeriebonnard.com\/?page_id=702\">Elementor #702<\/a><\/li>\n<li class=\"page_item page-item-710\"><a href=\"https:\/\/valeriebonnard.com\/?page_id=710\">Elementor #710<\/a><\/li>\n<li class=\"page_item page-item-853\"><a href=\"https:\/\/valeriebonnard.com\/?page_id=853\">Elementor #853<\/a><\/li>\n<li class=\"page_item page-item-32\"><a href=\"https:\/\/valeriebonnard.com\/?page_id=32\">Enseignement<\/a><\/li>\n<li class=\"page_item page-item-157\"><a href=\"https:\/\/valeriebonnard.com\/?page_id=157\">Festivals et saisons de concerts<\/a><\/li>\n<li class=\"page_item page-item-125\"><a href=\"https:\/\/valeriebonnard.com\/?page_id=125\">Galerie Photo<\/a><\/li>\n<li class=\"page_item page-item-7\"><a href=\"https:\/\/valeriebonnard.com\/\">Home<\/a><\/li>\n<li class=\"page_item page-item-299\"><a href=\"https:\/\/valeriebonnard.com\/?page_id=299\">R\u00e9cital<\/a><\/li>\n<li class=\"page_item page-item-30\"><a href=\"https:\/\/valeriebonnard.com\/?page_id=30\">R\u00e9pertoire<\/a><\/li>\n\t\t\t<\/ul>\n\n\t\t\t\t\t\t\t<\/div>\n\t\t\t\t<\/div>\n\t\t\t\t\t<\/div>\n\t\t\t\t<\/div>\n\t\t\t\t<\/div>\n\t\t","protected":false},"excerpt":{"rendered":"<p>\u00a0 2023 2 avril, 19h, Eglise de Saints-Pierre-et-Paul, Villars-sur-Gl\u00e2ne\u00a0C. Monteverdi: Vespro della beata VergineChoeur de MayEnsemble Les Cornets NoirsA. Savall, A. Vuillemier, V. Bonnard, T. Blancher, P. Udland Johansen, N. Pernet, M. KuhnDirection: Nicolas Wyssm\u00fcllerhttps:\/\/www.choeurdemay.ch\u00a06 avril, 20h, Bulle (concert priv\u00e9)C. Monteverdi: Vespro della beata VergineIdem\u00a07 avril, 11h, Eglise St-Th\u00e9odule, Gruy\u00e8resC. Monteverdi: Vespro della beata VergineIdemhttps:\/\/www.choeurdemay.ch\u00a029 [&hellip;]<\/p>\n","protected":false},"author":1,"featured_media":0,"parent":234,"menu_order":0,"comment_status":"closed","ping_status":"closed","template":"elementor_header_footer","meta":{"tpgb_global_settings":"","ocean_front_end_style_editor":"no","ocean_post_layout":"","ocean_both_sidebars_style":"","ocean_both_sidebars_content_width":0,"ocean_both_sidebars_sidebars_width":0,"ocean_sidebar":"","ocean_second_sidebar":"","ocean_disable_margins":"enable","ocean_add_body_class":"","ocean_shortcode_before_top_bar":"","ocean_shortcode_after_top_bar":"","ocean_shortcode_before_header":"","ocean_shortcode_after_header":"","ocean_has_shortcode":"","ocean_shortcode_after_title":"","ocean_shortcode_before_footer_widgets":"","ocean_shortcode_after_footer_widgets":"","ocean_shortcode_before_footer_bottom":"","ocean_shortcode_after_footer_bottom":"","ocean_display_top_bar":"default","ocean_display_header":"default","ocean_header_style":"","ocean_center_header_left_menu":"","ocean_custom_header_template":"","ocean_custom_logo":0,"ocean_custom_retina_logo":0,"ocean_custom_logo_max_width":0,"ocean_custom_logo_tablet_max_width":0,"ocean_custom_logo_mobile_max_width":0,"ocean_custom_logo_max_height":0,"ocean_custom_logo_tablet_max_height":0,"ocean_custom_logo_mobile_max_height":0,"ocean_header_custom_menu":"","ocean_menu_typo_font_family":"","ocean_menu_typo_font_subset":"","ocean_menu_typo_font_size":0,"ocean_menu_typo_font_size_tablet":0,"ocean_menu_typo_font_size_mobile":0,"ocean_menu_typo_font_size_unit":"px","ocean_menu_typo_font_weight":"","ocean_menu_typo_font_weight_tablet":"","ocean_menu_typo_font_weight_mobile":"","ocean_menu_typo_transform":"","ocean_menu_typo_transform_tablet":"","ocean_menu_typo_transform_mobile":"","ocean_menu_typo_line_height":0,"ocean_menu_typo_line_height_tablet":0,"ocean_menu_typo_line_height_mobile":0,"ocean_menu_typo_line_height_unit":"","ocean_menu_typo_spacing":0,"ocean_menu_typo_spacing_tablet":0,"ocean_menu_typo_spacing_mobile":0,"ocean_menu_typo_spacing_unit":"","ocean_menu_link_color":"","ocean_menu_link_color_hover":"","ocean_menu_link_color_active":"","ocean_menu_link_background":"","ocean_menu_link_hover_background":"","ocean_menu_link_active_background":"","ocean_menu_social_links_bg":"","ocean_menu_social_hover_links_bg":"","ocean_menu_social_links_color":"","ocean_menu_social_hover_links_color":"","ocean_disable_title":"default","ocean_disable_heading":"default","ocean_post_title":"","ocean_post_subheading":"","ocean_post_title_style":"","ocean_post_title_background_color":"","ocean_post_title_background":0,"ocean_post_title_bg_image_position":"","ocean_post_title_bg_image_attachment":"","ocean_post_title_bg_image_repeat":"","ocean_post_title_bg_image_size":"","ocean_post_title_height":0,"ocean_post_title_bg_overlay":0.5,"ocean_post_title_bg_overlay_color":"","ocean_disable_breadcrumbs":"default","ocean_breadcrumbs_color":"","ocean_breadcrumbs_separator_color":"","ocean_breadcrumbs_links_color":"","ocean_breadcrumbs_links_hover_color":"","ocean_display_footer_widgets":"default","ocean_display_footer_bottom":"default","ocean_custom_footer_template":"","footnotes":""},"class_list":["post-25","page","type-page","status-publish","hentry","entry"],"tpgb_featured_images":null,"tpgb_post_meta_info":{"get_date":"novembre 1, 2023","get_modified_date":"mars 10, 2024","author_name":"admin","author_url":"https:\/\/valeriebonnard.com\/?author=1","author_email":"valeriebonnard@baladesenchantees.ch","author_website":"","author_description":"","author_facebook":"","author_twitter":"","author_instagram":"","author_role":["administrator"],"author_firstname":"","author_lastname":"","user_login":"valeriebonnard_vcmcn185","author_avatar":"<img alt='' src='https:\/\/secure.gravatar.com\/avatar\/8354f75e9d36b5cdd99c908352c80f8f11744e70db58131a1040f183bcd8f46c?s=200&#038;d=mm&#038;r=g' srcset='https:\/\/secure.gravatar.com\/avatar\/8354f75e9d36b5cdd99c908352c80f8f11744e70db58131a1040f183bcd8f46c?s=400&#038;d=mm&#038;r=g 2x' class='avatar avatar-200 photo' height='200' width='200' decoding='async'\/>","author_avatar_url":"https:\/\/secure.gravatar.com\/avatar\/8354f75e9d36b5cdd99c908352c80f8f11744e70db58131a1040f183bcd8f46c?s=96&d=mm&r=g","comment_count":0,"post_likes":0,"post_views":0},"tpgb_post_category":[],"_links":{"self":[{"href":"https:\/\/valeriebonnard.com\/index.php?rest_route=\/wp\/v2\/pages\/25","targetHints":{"allow":["GET"]}}],"collection":[{"href":"https:\/\/valeriebonnard.com\/index.php?rest_route=\/wp\/v2\/pages"}],"about":[{"href":"https:\/\/valeriebonnard.com\/index.php?rest_route=\/wp\/v2\/types\/page"}],"author":[{"embeddable":true,"href":"https:\/\/valeriebonnard.com\/index.php?rest_route=\/wp\/v2\/users\/1"}],"replies":[{"embeddable":true,"href":"https:\/\/valeriebonnard.com\/index.php?rest_route=%2Fwp%2Fv2%2Fcomments&post=25"}],"version-history":[{"count":17,"href":"https:\/\/valeriebonnard.com\/index.php?rest_route=\/wp\/v2\/pages\/25\/revisions"}],"predecessor-version":[{"id":384,"href":"https:\/\/valeriebonnard.com\/index.php?rest_route=\/wp\/v2\/pages\/25\/revisions\/384"}],"up":[{"embeddable":true,"href":"https:\/\/valeriebonnard.com\/index.php?rest_route=\/wp\/v2\/pages\/234"}],"wp:attachment":[{"href":"https:\/\/valeriebonnard.com\/index.php?rest_route=%2Fwp%2Fv2%2Fmedia&parent=25"}],"curies":[{"name":"wp","href":"https:\/\/api.w.org\/{rel}","templated":true}]}}