{"id":234,"date":"2024-02-12T10:26:56","date_gmt":"2024-02-12T10:26:56","guid":{"rendered":"https:\/\/valeriebonnard.com\/?page_id=234"},"modified":"2026-01-04T15:44:49","modified_gmt":"2026-01-04T15:44:49","slug":"agenda","status":"publish","type":"page","link":"https:\/\/valeriebonnard.com\/?page_id=234","title":{"rendered":"Agenda"},"content":{"rendered":"\t\t<div data-elementor-type=\"wp-page\" data-elementor-id=\"234\" class=\"elementor elementor-234\">\n\t\t\t\t<div class=\"elementor-element elementor-element-8f76d5e e-flex e-con-boxed e-con e-parent\" data-id=\"8f76d5e\" data-element_type=\"container\" data-e-type=\"container\">\n\t\t\t\t\t<div class=\"e-con-inner\">\n\t\t\t\t<div class=\"elementor-element elementor-element-ecd26c7 elementor-widget elementor-widget-heading\" data-id=\"ecd26c7\" data-element_type=\"widget\" data-e-type=\"widget\" data-widget_type=\"heading.default\">\n\t\t\t\t<div class=\"elementor-widget-container\">\n\t\t\t\t\t<h2 class=\"elementor-heading-title elementor-size-default\">2025<\/h2>\t\t\t\t<\/div>\n\t\t\t\t<\/div>\n\t\t\t\t\t<\/div>\n\t\t\t\t<\/div>\n\t\t<div class=\"elementor-element elementor-element-62e66a1 e-flex e-con-boxed e-con e-parent\" data-id=\"62e66a1\" data-element_type=\"container\" data-e-type=\"container\">\n\t\t\t\t\t<div class=\"e-con-inner\">\n\t\t\t\t<div class=\"elementor-element elementor-element-3222adb elementor-widget elementor-widget-spacer\" data-id=\"3222adb\" data-element_type=\"widget\" data-e-type=\"widget\" data-widget_type=\"spacer.default\">\n\t\t\t\t<div class=\"elementor-widget-container\">\n\t\t\t\t\t\t\t<div class=\"elementor-spacer\">\n\t\t\t<div class=\"elementor-spacer-inner\"><\/div>\n\t\t<\/div>\n\t\t\t\t\t\t<\/div>\n\t\t\t\t<\/div>\n\t\t\t\t\t<\/div>\n\t\t\t\t<\/div>\n\t\t<div class=\"elementor-element elementor-element-e95e9cf e-flex e-con-boxed e-con e-parent\" data-id=\"e95e9cf\" data-element_type=\"container\" data-e-type=\"container\">\n\t\t\t\t\t<div class=\"e-con-inner\">\n\t\t\t\t<div class=\"elementor-element elementor-element-518933a elementor-widget elementor-widget-text-editor\" data-id=\"518933a\" data-element_type=\"widget\" data-e-type=\"widget\" data-widget_type=\"text-editor.default\">\n\t\t\t\t<div class=\"elementor-widget-container\">\n\t\t\t\t\t\t\t\t\t<p><strong>1er mai, 20h, Cath\u00e9drale de Lausanne<\/strong><\/p><p>Mozart: <em>Requiem<\/em><\/p><p>Choeur Universitaire de Lausanne<\/p><p>M.H. Essade, V. Bonnard. A. Laudet. S. Imboden<\/p><p>Direction: Fruzsina Szuromi<\/p><p><a href=\"https:\/\/monbillet.ch\/events\/chul-2024-oeuvres-inachevees\">https:\/\/monbillet.ch\/events\/chul-2024-oeuvres-inachevees<\/a><\/p>\t\t\t\t\t\t\t\t<\/div>\n\t\t\t\t<\/div>\n\t\t\t\t<div class=\"elementor-element elementor-element-a25dc4d elementor-widget-divider--view-line elementor-widget elementor-widget-divider\" data-id=\"a25dc4d\" data-element_type=\"widget\" data-e-type=\"widget\" data-widget_type=\"divider.default\">\n\t\t\t\t<div class=\"elementor-widget-container\">\n\t\t\t\t\t\t\t<div class=\"elementor-divider\">\n\t\t\t<span class=\"elementor-divider-separator\">\n\t\t\t\t\t\t<\/span>\n\t\t<\/div>\n\t\t\t\t\t\t<\/div>\n\t\t\t\t<\/div>\n\t\t\t\t<div class=\"elementor-element elementor-element-ec0e938 elementor-widget elementor-widget-text-editor\" data-id=\"ec0e938\" data-element_type=\"widget\" data-e-type=\"widget\" data-widget_type=\"text-editor.default\">\n\t\t\t\t<div class=\"elementor-widget-container\">\n\t\t\t\t\t\t\t\t\t<p><strong>2 mai, 20h, Temple de Cossonay<\/strong><\/p>\n<p>Bach, Mozart, Schubert, Berlioz, Verdi<\/p>\n<p>Val\u00e9rie Bonnard, mezzo-soprano<\/p>\n<p>Alin Anca, basse<\/p>\n<p>Sandra Meier, piano<\/p>\n<p>Fran\u00e7ois Margot, Jean-pierre Hartmann, Pierre Porret, orgue<\/p>\t\t\t\t\t\t\t\t<\/div>\n\t\t\t\t<\/div>\n\t\t\t\t<div class=\"elementor-element elementor-element-a4ddce8 elementor-widget-divider--view-line elementor-widget elementor-widget-divider\" data-id=\"a4ddce8\" data-element_type=\"widget\" data-e-type=\"widget\" data-widget_type=\"divider.default\">\n\t\t\t\t<div class=\"elementor-widget-container\">\n\t\t\t\t\t\t\t<div class=\"elementor-divider\">\n\t\t\t<span class=\"elementor-divider-separator\">\n\t\t\t\t\t\t<\/span>\n\t\t<\/div>\n\t\t\t\t\t\t<\/div>\n\t\t\t\t<\/div>\n\t\t\t\t<div class=\"elementor-element elementor-element-6658d08 elementor-widget elementor-widget-text-editor\" data-id=\"6658d08\" data-element_type=\"widget\" data-e-type=\"widget\" data-widget_type=\"text-editor.default\">\n\t\t\t\t<div class=\"elementor-widget-container\">\n\t\t\t\t\t\t\t\t\t<p><strong>4 mai, 20h, Temple de La Tour-de-Pelz<\/strong><\/p><p>Palmeri:\u00a0<em>Misa Tango<\/em><\/p><p>Piazzola: <em>Ave Maria<\/em><\/p><p>Choeur Neuf de Lutry, Choeur de l&rsquo;Ecole Steiner<\/p><p>Val\u00e9rie Bonnard, mezzo-soprano<\/p><p>Direction: Laurent J\u00fcni<\/p><p>\u00a0<\/p>\t\t\t\t\t\t\t\t<\/div>\n\t\t\t\t<\/div>\n\t\t\t\t<div class=\"elementor-element elementor-element-0a6e7d1 elementor-widget-divider--view-line elementor-widget elementor-widget-divider\" data-id=\"0a6e7d1\" data-element_type=\"widget\" data-e-type=\"widget\" data-widget_type=\"divider.default\">\n\t\t\t\t<div class=\"elementor-widget-container\">\n\t\t\t\t\t\t\t<div class=\"elementor-divider\">\n\t\t\t<span class=\"elementor-divider-separator\">\n\t\t\t\t\t\t<\/span>\n\t\t<\/div>\n\t\t\t\t\t\t<\/div>\n\t\t\t\t<\/div>\n\t\t\t\t<div class=\"elementor-element elementor-element-dc27ccc elementor-widget elementor-widget-text-editor\" data-id=\"dc27ccc\" data-element_type=\"widget\" data-e-type=\"widget\" data-widget_type=\"text-editor.default\">\n\t\t\t\t<div class=\"elementor-widget-container\">\n\t\t\t\t\t\t\t\t\t<p><strong>5 mai, 17h, Temple de Lutry<\/strong><\/p><p>Plameri: <em>Misa Tango<\/em><\/p><p>Piazzola: <em>Ave Maria<\/em><\/p><p>Idem<\/p>\t\t\t\t\t\t\t\t<\/div>\n\t\t\t\t<\/div>\n\t\t\t\t<div class=\"elementor-element elementor-element-0649df6 elementor-widget-divider--view-line elementor-widget elementor-widget-divider\" data-id=\"0649df6\" data-element_type=\"widget\" data-e-type=\"widget\" data-widget_type=\"divider.default\">\n\t\t\t\t<div class=\"elementor-widget-container\">\n\t\t\t\t\t\t\t<div class=\"elementor-divider\">\n\t\t\t<span class=\"elementor-divider-separator\">\n\t\t\t\t\t\t<\/span>\n\t\t<\/div>\n\t\t\t\t\t\t<\/div>\n\t\t\t\t<\/div>\n\t\t\t\t<div class=\"elementor-element elementor-element-c7c2281 elementor-widget elementor-widget-text-editor\" data-id=\"c7c2281\" data-element_type=\"widget\" data-e-type=\"widget\" data-widget_type=\"text-editor.default\">\n\t\t\t\t<div class=\"elementor-widget-container\">\n\t\t\t\t\t\t\t\t\t<p><strong>8 juin, 11h- 16h, Val d&rsquo;Anniviers<\/strong><\/p><p>Randonn\u00e9e musicale (Eglise de Grimentz, Saint-Jean et Vissoie)<\/p><p>Bach, Purcell, Holst, Tavener<\/p><p>Val\u00e9rie Bonnard, mezzo soprano<\/p><p>Pascal Desarzens, violoncelliste<\/p><p>Places limit\u00e9es, renseignements et inscription: vbonnard@hotmail.com<\/p>\t\t\t\t\t\t\t\t<\/div>\n\t\t\t\t<\/div>\n\t\t\t\t<div class=\"elementor-element elementor-element-78eba19 elementor-widget-divider--view-line elementor-widget elementor-widget-divider\" data-id=\"78eba19\" data-element_type=\"widget\" data-e-type=\"widget\" data-widget_type=\"divider.default\">\n\t\t\t\t<div class=\"elementor-widget-container\">\n\t\t\t\t\t\t\t<div class=\"elementor-divider\">\n\t\t\t<span class=\"elementor-divider-separator\">\n\t\t\t\t\t\t<\/span>\n\t\t<\/div>\n\t\t\t\t\t\t<\/div>\n\t\t\t\t<\/div>\n\t\t\t\t<div class=\"elementor-element elementor-element-6cdf675 elementor-widget elementor-widget-text-editor\" data-id=\"6cdf675\" data-element_type=\"widget\" data-e-type=\"widget\" data-widget_type=\"text-editor.default\">\n\t\t\t\t<div class=\"elementor-widget-container\">\n\t\t\t\t\t\t\t\t\t<p><strong>9 juin, 11h &#8211; 16h, Val d&rsquo;Anniviers<\/strong><\/p><p>Randonn\u00e9e musicale<\/p><p>idem<\/p>\t\t\t\t\t\t\t\t<\/div>\n\t\t\t\t<\/div>\n\t\t\t\t<div class=\"elementor-element elementor-element-a941722 elementor-widget-divider--view-line elementor-widget elementor-widget-divider\" data-id=\"a941722\" data-element_type=\"widget\" data-e-type=\"widget\" data-widget_type=\"divider.default\">\n\t\t\t\t<div class=\"elementor-widget-container\">\n\t\t\t\t\t\t\t<div class=\"elementor-divider\">\n\t\t\t<span class=\"elementor-divider-separator\">\n\t\t\t\t\t\t<\/span>\n\t\t<\/div>\n\t\t\t\t\t\t<\/div>\n\t\t\t\t<\/div>\n\t\t\t\t<div class=\"elementor-element elementor-element-4c8633e elementor-widget elementor-widget-text-editor\" data-id=\"4c8633e\" data-element_type=\"widget\" data-e-type=\"widget\" data-widget_type=\"text-editor.default\">\n\t\t\t\t<div class=\"elementor-widget-container\">\n\t\t\t\t\t\t\t\t\t<p><strong>23 juin, 16h, Temple de Bussigny<\/strong><\/p><p>Vivaldi:\u00a0<em>Cessate,\u00a0<\/em><i>mai cessate\u00a0<\/i><\/p><p>Vivaldi: <em>Filiae maestae Jerusalem<\/em><\/p><p>Vivaldi: <em>Dixit Dominus<\/em><\/p><p>Val\u00e9rie Bonnard, mezzo-soprano<\/p><p>H\u00e9l\u00e8ne Conrad, Fran\u00e7ois Gottraux, violon<\/p><p>Isabelle Gottraux, Florence De Saussure, alto<\/p><p>Oriane Fohr, violoncelle<\/p><p>Christianne Cornu-Cavin, clavecin<\/p>\t\t\t\t\t\t\t\t<\/div>\n\t\t\t\t<\/div>\n\t\t\t\t<div class=\"elementor-element elementor-element-190de32 elementor-widget-divider--view-line elementor-widget elementor-widget-divider\" data-id=\"190de32\" data-element_type=\"widget\" data-e-type=\"widget\" data-widget_type=\"divider.default\">\n\t\t\t\t<div class=\"elementor-widget-container\">\n\t\t\t\t\t\t\t<div class=\"elementor-divider\">\n\t\t\t<span class=\"elementor-divider-separator\">\n\t\t\t\t\t\t<\/span>\n\t\t<\/div>\n\t\t\t\t\t\t<\/div>\n\t\t\t\t<\/div>\n\t\t\t\t<div class=\"elementor-element elementor-element-c510ccf elementor-widget elementor-widget-text-editor\" data-id=\"c510ccf\" data-element_type=\"widget\" data-e-type=\"widget\" data-widget_type=\"text-editor.default\">\n\t\t\t\t<div class=\"elementor-widget-container\">\n\t\t\t\t\t\t\t\t\t<p><strong>29 et 30 juin, 10h &#8211; 15h, Val d&rsquo;H\u00e9rens<\/strong><\/p><p>Randonn\u00e9e musicale (Chapelle des Haud\u00e8res, de La Sage et de La Forclaz)<\/p><p>Bach, Purcell, Holst, Tavener<\/p><p>Val\u00e9rie Bonnard, mezzo-soprano<\/p><p>Pascal Desarzens, violoncelliste<\/p><p>Places limit\u00e9es, renseignements et inscription: vbonnard@hotmail.com<\/p>\t\t\t\t\t\t\t\t<\/div>\n\t\t\t\t<\/div>\n\t\t\t\t<div class=\"elementor-element elementor-element-5116e42 elementor-widget-divider--view-line elementor-widget elementor-widget-divider\" data-id=\"5116e42\" data-element_type=\"widget\" data-e-type=\"widget\" data-widget_type=\"divider.default\">\n\t\t\t\t<div class=\"elementor-widget-container\">\n\t\t\t\t\t\t\t<div class=\"elementor-divider\">\n\t\t\t<span class=\"elementor-divider-separator\">\n\t\t\t\t\t\t<\/span>\n\t\t<\/div>\n\t\t\t\t\t\t<\/div>\n\t\t\t\t<\/div>\n\t\t\t\t<div class=\"elementor-element elementor-element-527d382 elementor-widget elementor-widget-text-editor\" data-id=\"527d382\" data-element_type=\"widget\" data-e-type=\"widget\" data-widget_type=\"text-editor.default\">\n\t\t\t\t<div class=\"elementor-widget-container\">\n\t\t\t\t\t\t\t\t\t<p><strong>1er novembre, 19h, Temple d\u2019Echallens (VD)<\/strong><\/p><p>Mozart:\u00a0<em>Requiem\u00a0<\/em>(version de Czerny pour piano \u00e0 4 mains)<\/p><p>Choeur ad hoc<\/p><p>Piano: V\u00e9ronique Piller et J\u00e9r\u00f4me Kus<\/p><p>Gyslaine Waelchli, soprano<\/p><p>Val\u00e9rie Bonnard, alto<\/p><p>Valentin Bezen\u00e7on, t\u00e9nor<\/p><p>Martin Buchmann, basse<\/p><p>Direction: Pascal Mayer<\/p>\t\t\t\t\t\t\t\t<\/div>\n\t\t\t\t<\/div>\n\t\t\t\t<div class=\"elementor-element elementor-element-65812e0 elementor-widget-divider--view-line elementor-widget elementor-widget-divider\" data-id=\"65812e0\" data-element_type=\"widget\" data-e-type=\"widget\" data-widget_type=\"divider.default\">\n\t\t\t\t<div class=\"elementor-widget-container\">\n\t\t\t\t\t\t\t<div class=\"elementor-divider\">\n\t\t\t<span class=\"elementor-divider-separator\">\n\t\t\t\t\t\t<\/span>\n\t\t<\/div>\n\t\t\t\t\t\t<\/div>\n\t\t\t\t<\/div>\n\t\t\t\t<div class=\"elementor-element elementor-element-2159fee elementor-widget elementor-widget-text-editor\" data-id=\"2159fee\" data-element_type=\"widget\" data-e-type=\"widget\" data-widget_type=\"text-editor.default\">\n\t\t\t\t<div class=\"elementor-widget-container\">\n\t\t\t\t\t\t\t\t\t<p><strong>3 novembre, 17h, Temple de Lutry<\/strong><\/p><p>Gossec: <em>Grande Messe des morts<\/em><\/p><p>La Chapelle Vocale de Lausanne<\/p><p>Ensemble Baroque du L\u00e9man<\/p><p>Cl\u00e9mence Tilquin, soprano<\/p><p>Val\u00e9rie Bonnard, mezzo-soprano<\/p><p>Tristan Blanchet, t\u00e9nor<\/p><p>Rapha\u00ebl Hardmeyer, basse<\/p><p>Direction: Gonzalo Martinez<\/p>\t\t\t\t\t\t\t\t<\/div>\n\t\t\t\t<\/div>\n\t\t\t\t<div class=\"elementor-element elementor-element-214b3f9 elementor-widget-divider--view-line elementor-widget elementor-widget-divider\" data-id=\"214b3f9\" data-element_type=\"widget\" data-e-type=\"widget\" data-widget_type=\"divider.default\">\n\t\t\t\t<div class=\"elementor-widget-container\">\n\t\t\t\t\t\t\t<div class=\"elementor-divider\">\n\t\t\t<span class=\"elementor-divider-separator\">\n\t\t\t\t\t\t<\/span>\n\t\t<\/div>\n\t\t\t\t\t\t<\/div>\n\t\t\t\t<\/div>\n\t\t\t\t<div class=\"elementor-element elementor-element-06d1d64 elementor-widget elementor-widget-text-editor\" data-id=\"06d1d64\" data-element_type=\"widget\" data-e-type=\"widget\" data-widget_type=\"text-editor.default\">\n\t\t\t\t<div class=\"elementor-widget-container\">\n\t\t\t\t\t\t\t\t\t<p><strong>23 novembre, 20h, Salle Paderewski, Lausanne<\/strong><\/p><p>Mascagni: <em>Cavalleria rusticana<\/em><\/p><p>L. Catalano: Santuzza<\/p><p>D. Esteban: Turiddu<\/p><p>V. Bonnard: Lucia<\/p><p>F. Le Gloahec: Alfio<\/p><p>C. Cervera: Lola<\/p><p>Choeur Calliope<\/p><p>Orchestre Amabilis<\/p><p>Florence Grivat Favre, chef de choeur<\/p><p>Mise en sc\u00e8ne: Coralie Vollichard<\/p><p>Direction: Ferran Gili-Millera<\/p><p>\u00a0<\/p>\t\t\t\t\t\t\t\t<\/div>\n\t\t\t\t<\/div>\n\t\t\t\t<div class=\"elementor-element elementor-element-b202073 elementor-widget-divider--view-line elementor-widget elementor-widget-divider\" data-id=\"b202073\" data-element_type=\"widget\" data-e-type=\"widget\" data-widget_type=\"divider.default\">\n\t\t\t\t<div class=\"elementor-widget-container\">\n\t\t\t\t\t\t\t<div class=\"elementor-divider\">\n\t\t\t<span class=\"elementor-divider-separator\">\n\t\t\t\t\t\t<\/span>\n\t\t<\/div>\n\t\t\t\t\t\t<\/div>\n\t\t\t\t<\/div>\n\t\t\t\t<div class=\"elementor-element elementor-element-ca6c065 elementor-widget elementor-widget-text-editor\" data-id=\"ca6c065\" data-element_type=\"widget\" data-e-type=\"widget\" data-widget_type=\"text-editor.default\">\n\t\t\t\t<div class=\"elementor-widget-container\">\n\t\t\t\t\t\t\t\t\t<p><strong>24 novembre, 17h, Salle Paderewski, Lausanne<\/strong><\/p><p>Mascagni: <em>Cavalleria rusticana<\/em><\/p><p>Idem<\/p><p>\u00a0<\/p>\t\t\t\t\t\t\t\t<\/div>\n\t\t\t\t<\/div>\n\t\t\t\t<div class=\"elementor-element elementor-element-a60a294 elementor-widget-divider--view-line elementor-widget elementor-widget-divider\" data-id=\"a60a294\" data-element_type=\"widget\" data-e-type=\"widget\" data-widget_type=\"divider.default\">\n\t\t\t\t<div class=\"elementor-widget-container\">\n\t\t\t\t\t\t\t<div class=\"elementor-divider\">\n\t\t\t<span class=\"elementor-divider-separator\">\n\t\t\t\t\t\t<\/span>\n\t\t<\/div>\n\t\t\t\t\t\t<\/div>\n\t\t\t\t<\/div>\n\t\t\t\t<div class=\"elementor-element elementor-element-bf5c17c elementor-widget elementor-widget-text-editor\" data-id=\"bf5c17c\" data-element_type=\"widget\" data-e-type=\"widget\" data-widget_type=\"text-editor.default\">\n\t\t\t\t<div class=\"elementor-widget-container\">\n\t\t\t\t\t\t\t\t\t<p><strong>6 d\u00e9cembre, 20h, Temple de Rolle<\/strong><\/p><p>J. Haydn:\u00a0<em>Missa in tempore belli (Paukenmesse)<\/em><\/p><p>F. Mendelssohn:\u00a0<em>Lauda Sion<\/em><\/p><p>Choeur Cantabile<\/p><p>Orchestre Sinfonietta de Lausanne<\/p><p>A. Montandon, V. Bonnard, F. Cuellar, S. Michon<\/p><p>Direction: Marius Marcu<\/p><p><a href=\"https:\/\/www.choeurcantabile.ch\/\">https:\/\/www.choeurcantabile.ch\/<\/a><\/p>\t\t\t\t\t\t\t\t<\/div>\n\t\t\t\t<\/div>\n\t\t\t\t<div class=\"elementor-element elementor-element-f08f15d elementor-widget-divider--view-line elementor-widget elementor-widget-divider\" data-id=\"f08f15d\" data-element_type=\"widget\" data-e-type=\"widget\" data-widget_type=\"divider.default\">\n\t\t\t\t<div class=\"elementor-widget-container\">\n\t\t\t\t\t\t\t<div class=\"elementor-divider\">\n\t\t\t<span class=\"elementor-divider-separator\">\n\t\t\t\t\t\t<\/span>\n\t\t<\/div>\n\t\t\t\t\t\t<\/div>\n\t\t\t\t<\/div>\n\t\t\t\t<div class=\"elementor-element elementor-element-9133034 elementor-widget elementor-widget-text-editor\" data-id=\"9133034\" data-element_type=\"widget\" data-e-type=\"widget\" data-widget_type=\"text-editor.default\">\n\t\t\t\t<div class=\"elementor-widget-container\">\n\t\t\t\t\t\t\t\t\t<p><strong>8 d\u00e9cembre, 17h, Temple de Rolle<\/strong><\/p><p>J. Haydn:\u00a0<em>Missa in tempore belli (Paukenmesse)<\/em><\/p><p>F. Mendelssohn:\u00a0<em>Lauda Sion<\/em><\/p><p>Idem<\/p>\t\t\t\t\t\t\t\t<\/div>\n\t\t\t\t<\/div>\n\t\t\t\t<div class=\"elementor-element elementor-element-347cfdf elementor-widget-divider--view-line elementor-widget elementor-widget-divider\" data-id=\"347cfdf\" data-element_type=\"widget\" data-e-type=\"widget\" data-widget_type=\"divider.default\">\n\t\t\t\t<div class=\"elementor-widget-container\">\n\t\t\t\t\t\t\t<div class=\"elementor-divider\">\n\t\t\t<span class=\"elementor-divider-separator\">\n\t\t\t\t\t\t<\/span>\n\t\t<\/div>\n\t\t\t\t\t\t<\/div>\n\t\t\t\t<\/div>\n\t\t\t\t<div class=\"elementor-element elementor-element-1e3c29e elementor-widget elementor-widget-text-editor\" data-id=\"1e3c29e\" data-element_type=\"widget\" data-e-type=\"widget\" data-widget_type=\"text-editor.default\">\n\t\t\t\t<div class=\"elementor-widget-container\">\n\t\t\t\t\t\t\t\t\t<p><strong>15 d\u00e9cembre, 17h, Temple de Coppet<\/strong><\/p><p>J. Haydn: <em>Missa in tempore belli (Paukenmesse)<\/em><\/p><p>F. Mendelssohn:\u00a0<em>Lauda Sion<\/em><\/p><p>Idem<\/p>\t\t\t\t\t\t\t\t<\/div>\n\t\t\t\t<\/div>\n\t\t\t\t\t<\/div>\n\t\t\t\t<\/div>\n\t\t\t\t<\/div>\n\t\t","protected":false},"excerpt":{"rendered":"<p>2025 1er mai, 20h, Cath\u00e9drale de Lausanne Mozart: Requiem Choeur Universitaire de Lausanne M.H. Essade, V. Bonnard. A. Laudet. S. Imboden Direction: Fruzsina Szuromi https:\/\/monbillet.ch\/events\/chul-2024-oeuvres-inachevees 2 mai, 20h, Temple de Cossonay Bach, Mozart, Schubert, Berlioz, Verdi Val\u00e9rie Bonnard, mezzo-soprano Alin Anca, basse Sandra Meier, piano Fran\u00e7ois Margot, Jean-pierre Hartmann, Pierre Porret, orgue 4 mai, 20h, [&hellip;]<\/p>\n","protected":false},"author":1,"featured_media":0,"parent":0,"menu_order":0,"comment_status":"closed","ping_status":"closed","template":"","meta":{"tpgb_global_settings":"","ocean_front_end_style_editor":"no","ocean_post_layout":"","ocean_both_sidebars_style":"","ocean_both_sidebars_content_width":0,"ocean_both_sidebars_sidebars_width":0,"ocean_sidebar":"","ocean_second_sidebar":"","ocean_disable_margins":"enable","ocean_add_body_class":"","ocean_shortcode_before_top_bar":"","ocean_shortcode_after_top_bar":"","ocean_shortcode_before_header":"","ocean_shortcode_after_header":"","ocean_has_shortcode":"","ocean_shortcode_after_title":"","ocean_shortcode_before_footer_widgets":"","ocean_shortcode_after_footer_widgets":"","ocean_shortcode_before_footer_bottom":"","ocean_shortcode_after_footer_bottom":"","ocean_display_top_bar":"default","ocean_display_header":"default","ocean_header_style":"","ocean_center_header_left_menu":"","ocean_custom_header_template":"","ocean_custom_logo":0,"ocean_custom_retina_logo":0,"ocean_custom_logo_max_width":0,"ocean_custom_logo_tablet_max_width":0,"ocean_custom_logo_mobile_max_width":0,"ocean_custom_logo_max_height":0,"ocean_custom_logo_tablet_max_height":0,"ocean_custom_logo_mobile_max_height":0,"ocean_header_custom_menu":"","ocean_menu_typo_font_family":"","ocean_menu_typo_font_subset":"","ocean_menu_typo_font_size":0,"ocean_menu_typo_font_size_tablet":0,"ocean_menu_typo_font_size_mobile":0,"ocean_menu_typo_font_size_unit":"px","ocean_menu_typo_font_weight":"","ocean_menu_typo_font_weight_tablet":"","ocean_menu_typo_font_weight_mobile":"","ocean_menu_typo_transform":"","ocean_menu_typo_transform_tablet":"","ocean_menu_typo_transform_mobile":"","ocean_menu_typo_line_height":0,"ocean_menu_typo_line_height_tablet":0,"ocean_menu_typo_line_height_mobile":0,"ocean_menu_typo_line_height_unit":"","ocean_menu_typo_spacing":0,"ocean_menu_typo_spacing_tablet":0,"ocean_menu_typo_spacing_mobile":0,"ocean_menu_typo_spacing_unit":"","ocean_menu_link_color":"","ocean_menu_link_color_hover":"","ocean_menu_link_color_active":"","ocean_menu_link_background":"","ocean_menu_link_hover_background":"","ocean_menu_link_active_background":"","ocean_menu_social_links_bg":"","ocean_menu_social_hover_links_bg":"","ocean_menu_social_links_color":"","ocean_menu_social_hover_links_color":"","ocean_disable_title":"default","ocean_disable_heading":"default","ocean_post_title":"","ocean_post_subheading":"","ocean_post_title_style":"","ocean_post_title_background_color":"","ocean_post_title_background":0,"ocean_post_title_bg_image_position":"","ocean_post_title_bg_image_attachment":"","ocean_post_title_bg_image_repeat":"","ocean_post_title_bg_image_size":"","ocean_post_title_height":0,"ocean_post_title_bg_overlay":0.5,"ocean_post_title_bg_overlay_color":"","ocean_disable_breadcrumbs":"default","ocean_breadcrumbs_color":"","ocean_breadcrumbs_separator_color":"","ocean_breadcrumbs_links_color":"","ocean_breadcrumbs_links_hover_color":"","ocean_display_footer_widgets":"default","ocean_display_footer_bottom":"default","ocean_custom_footer_template":"","footnotes":""},"class_list":["post-234","page","type-page","status-publish","hentry","entry"],"tpgb_featured_images":null,"tpgb_post_meta_info":{"get_date":"f\u00e9vrier 12, 2024","get_modified_date":"janvier 4, 2026","author_name":"admin","author_url":"https:\/\/valeriebonnard.com\/?author=1","author_email":"valeriebonnard@baladesenchantees.ch","author_website":"","author_description":"","author_facebook":"","author_twitter":"","author_instagram":"","author_role":["administrator"],"author_firstname":"","author_lastname":"","user_login":"valeriebonnard_vcmcn185","author_avatar":"<img alt='' src='https:\/\/secure.gravatar.com\/avatar\/8354f75e9d36b5cdd99c908352c80f8f11744e70db58131a1040f183bcd8f46c?s=200&#038;d=mm&#038;r=g' srcset='https:\/\/secure.gravatar.com\/avatar\/8354f75e9d36b5cdd99c908352c80f8f11744e70db58131a1040f183bcd8f46c?s=400&#038;d=mm&#038;r=g 2x' class='avatar avatar-200 photo' height='200' width='200' decoding='async'\/>","author_avatar_url":"https:\/\/secure.gravatar.com\/avatar\/8354f75e9d36b5cdd99c908352c80f8f11744e70db58131a1040f183bcd8f46c?s=96&d=mm&r=g","comment_count":0,"post_likes":0,"post_views":0},"tpgb_post_category":[],"_links":{"self":[{"href":"https:\/\/valeriebonnard.com\/index.php?rest_route=\/wp\/v2\/pages\/234","targetHints":{"allow":["GET"]}}],"collection":[{"href":"https:\/\/valeriebonnard.com\/index.php?rest_route=\/wp\/v2\/pages"}],"about":[{"href":"https:\/\/valeriebonnard.com\/index.php?rest_route=\/wp\/v2\/types\/page"}],"author":[{"embeddable":true,"href":"https:\/\/valeriebonnard.com\/index.php?rest_route=\/wp\/v2\/users\/1"}],"replies":[{"embeddable":true,"href":"https:\/\/valeriebonnard.com\/index.php?rest_route=%2Fwp%2Fv2%2Fcomments&post=234"}],"version-history":[{"count":141,"href":"https:\/\/valeriebonnard.com\/index.php?rest_route=\/wp\/v2\/pages\/234\/revisions"}],"predecessor-version":[{"id":862,"href":"https:\/\/valeriebonnard.com\/index.php?rest_route=\/wp\/v2\/pages\/234\/revisions\/862"}],"wp:attachment":[{"href":"https:\/\/valeriebonnard.com\/index.php?rest_route=%2Fwp%2Fv2%2Fmedia&parent=234"}],"curies":[{"name":"wp","href":"https:\/\/api.w.org\/{rel}","templated":true}]}}