{"id":157,"date":"2023-11-19T14:36:45","date_gmt":"2023-11-19T14:36:45","guid":{"rendered":"https:\/\/valeriebonnard.com\/?page_id=157"},"modified":"2023-11-19T14:38:24","modified_gmt":"2023-11-19T14:38:24","slug":"festivals-et-saisons-de-concerts","status":"publish","type":"page","link":"https:\/\/valeriebonnard.com\/?page_id=157","title":{"rendered":"Festivals et saisons de concerts"},"content":{"rendered":"\t\t<div data-elementor-type=\"wp-page\" data-elementor-id=\"157\" class=\"elementor elementor-157\">\n\t\t\t\t<div class=\"elementor-element elementor-element-305e61c e-flex e-con-boxed e-con e-parent\" data-id=\"305e61c\" data-element_type=\"container\" data-e-type=\"container\">\n\t\t\t\t\t<div class=\"e-con-inner\">\n\t\t\t\t<div class=\"elementor-element elementor-element-defc5d1 elementor-widget elementor-widget-heading\" data-id=\"defc5d1\" data-element_type=\"widget\" data-e-type=\"widget\" data-widget_type=\"heading.default\">\n\t\t\t\t<div class=\"elementor-widget-container\">\n\t\t\t\t\t<h2 class=\"elementor-heading-title elementor-size-default\">Liste des Festivals et saisons de concerts lors desquels Val\u00e9rie Bonnard a chant\u00e9 une ou plusieurs fois:\n<\/h2>\t\t\t\t<\/div>\n\t\t\t\t<\/div>\n\t\t\t\t\t<\/div>\n\t\t\t\t<\/div>\n\t\t<div class=\"elementor-element elementor-element-d0aa8e5 e-flex e-con-boxed e-con e-parent\" data-id=\"d0aa8e5\" data-element_type=\"container\" data-e-type=\"container\">\n\t\t\t\t\t<div class=\"e-con-inner\">\n\t\t\t\t<div class=\"elementor-element elementor-element-c211370 elementor-widget elementor-widget-text-editor\" data-id=\"c211370\" data-element_type=\"widget\" data-e-type=\"widget\" data-widget_type=\"text-editor.default\">\n\t\t\t\t<div class=\"elementor-widget-container\">\n\t\t\t\t\t\t\t\t\t<p><strong>Suisse:<\/strong><br \/>-Concerts d\u2019abonnement de l\u2019Orchestre de Chambre de Lausanne<br \/>-Concerts d\u2019abonnement de la Tonhalle Orchester Z\u00fcrich<br \/>-Concerts de musique de chambre de la Tonhalle Orchester Z\u00fcrich<br \/>-Festival international de Musique sacr\u00e9e de Fribourg<br \/>-Concerts Bach de Lutry<br \/>-Saisons musicales de la Fondation Gianadda \u00e0 Martigny<br \/>-Festival international de musique de Sion<br \/>-Festival international de piano de Saint-Ursanne<br \/>-Saison de concerts Musique et Neige des Diablerets<br \/>-Wagner Festival de Gen\u00e8ve<br \/>-Festival de musique de chambre Le Mont Musical<br \/>-Festival Uniphonies \u00e0 Fribourg<br \/>-Festival de la Cit\u00e9 \u00e0 Lausanne<br \/>.Les Estivales de Lausanne<br \/>-Les Riches Heures de Val\u00e8re \u00e0 Sion<br \/>-Les Jardins musicaux \u00e0 Cernier<br \/>-Festival Le Bois qui chante \u00e0 Ch\u00e2teau-d\u2019Oex<br \/>-Saison de concerts de Compesi\u00e8res<br \/>-Festival Vier Jahreszeiten \u00e0 Riehen<br \/>-Schubertiades d\u2019Espace 2<br \/>-Festival des Haud\u00e8res<br \/>-Les Concerts de Romainm\u00f4tier<br \/>-Les Concerts de l\u2019Abbatiale de Payerne<br \/>-Saison de concerts de la Soci\u00e9t\u00e9 de Musique de Neuch\u00e2tel<br \/>-Saison Art et Musique de Sierre<br \/>-Concerts de la Semaine Sainte, Fribourg<br \/>-Estivales Musicales de Court<\/p><p><strong>France:<\/strong><br \/>-La Folle Journ\u00e9e de Nantes<br \/>-La Folle Journ\u00e9e en r\u00e9gion (Loire)<br \/>-Festival de La Chaise-Dieu<br \/>-Festival d\u2019Auvers-sur-Oise<br \/>-Festival d\u2019Annecy<br \/>-Rencontre d\u2019art vocal de Noirlac<br \/>-Nuits Musicales d\u2019Uz\u00e8s<br \/>-Nuits de la Citadelle de Sisteron<br \/>-Festival de Musique Sacr\u00e9e de Saint-Malo<br \/>-Heures Musicales de Lessay<br \/>-Rencontres Musicales de V\u00e9zelay<br \/>-Festival des Cath\u00e9drales de Picardie<br \/>-Festival de Tulle<br \/>-Festival de musique ancienne de Lyon<br \/>-Festival de musique de Saint-Yrieix<br \/>-Les Grandes Heures de Cluny<br \/>-Symphonies d\u2019automne, M\u00e2con<\/p><p><strong>Ailleurs&#8230;<\/strong><br \/>-Dias da Musica de Lisbonne<br \/>-Saison de concerts de l\u2019Orchestre de la Fondation Gulbenkian de Lisbonne<br \/>-La Folle Journ\u00e9e de Tokyo<br \/>-La Folle Journ\u00e9e de Bilbao<br \/>-La Folle Journ\u00e9e de Varsovie<\/p>\t\t\t\t\t\t\t\t<\/div>\n\t\t\t\t<\/div>\n\t\t\t\t\t<\/div>\n\t\t\t\t<\/div>\n\t\t\t\t<\/div>\n\t\t","protected":false},"excerpt":{"rendered":"<p>Liste des Festivals et saisons de concerts lors desquels Val\u00e9rie Bonnard a chant\u00e9 une ou plusieurs fois: Suisse:-Concerts d\u2019abonnement de l\u2019Orchestre de Chambre de Lausanne-Concerts d\u2019abonnement de la Tonhalle Orchester Z\u00fcrich-Concerts de musique de chambre de la Tonhalle Orchester Z\u00fcrich-Festival international de Musique sacr\u00e9e de Fribourg-Concerts Bach de Lutry-Saisons musicales de la Fondation Gianadda \u00e0 [&hellip;]<\/p>\n","protected":false},"author":1,"featured_media":0,"parent":0,"menu_order":0,"comment_status":"closed","ping_status":"closed","template":"elementor_header_footer","meta":{"tpgb_global_settings":"","ocean_front_end_style_editor":"no","ocean_post_layout":"","ocean_both_sidebars_style":"","ocean_both_sidebars_content_width":0,"ocean_both_sidebars_sidebars_width":0,"ocean_sidebar":"","ocean_second_sidebar":"","ocean_disable_margins":"enable","ocean_add_body_class":"","ocean_shortcode_before_top_bar":"","ocean_shortcode_after_top_bar":"","ocean_shortcode_before_header":"","ocean_shortcode_after_header":"","ocean_has_shortcode":"","ocean_shortcode_after_title":"","ocean_shortcode_before_footer_widgets":"","ocean_shortcode_after_footer_widgets":"","ocean_shortcode_before_footer_bottom":"","ocean_shortcode_after_footer_bottom":"","ocean_display_top_bar":"default","ocean_display_header":"default","ocean_header_style":"","ocean_center_header_left_menu":"","ocean_custom_header_template":"","ocean_custom_logo":0,"ocean_custom_retina_logo":0,"ocean_custom_logo_max_width":0,"ocean_custom_logo_tablet_max_width":0,"ocean_custom_logo_mobile_max_width":0,"ocean_custom_logo_max_height":0,"ocean_custom_logo_tablet_max_height":0,"ocean_custom_logo_mobile_max_height":0,"ocean_header_custom_menu":"","ocean_menu_typo_font_family":"","ocean_menu_typo_font_subset":"","ocean_menu_typo_font_size":0,"ocean_menu_typo_font_size_tablet":0,"ocean_menu_typo_font_size_mobile":0,"ocean_menu_typo_font_size_unit":"px","ocean_menu_typo_font_weight":"","ocean_menu_typo_font_weight_tablet":"","ocean_menu_typo_font_weight_mobile":"","ocean_menu_typo_transform":"","ocean_menu_typo_transform_tablet":"","ocean_menu_typo_transform_mobile":"","ocean_menu_typo_line_height":0,"ocean_menu_typo_line_height_tablet":0,"ocean_menu_typo_line_height_mobile":0,"ocean_menu_typo_line_height_unit":"","ocean_menu_typo_spacing":0,"ocean_menu_typo_spacing_tablet":0,"ocean_menu_typo_spacing_mobile":0,"ocean_menu_typo_spacing_unit":"","ocean_menu_link_color":"","ocean_menu_link_color_hover":"","ocean_menu_link_color_active":"","ocean_menu_link_background":"","ocean_menu_link_hover_background":"","ocean_menu_link_active_background":"","ocean_menu_social_links_bg":"","ocean_menu_social_hover_links_bg":"","ocean_menu_social_links_color":"","ocean_menu_social_hover_links_color":"","ocean_disable_title":"default","ocean_disable_heading":"default","ocean_post_title":"","ocean_post_subheading":"","ocean_post_title_style":"","ocean_post_title_background_color":"","ocean_post_title_background":0,"ocean_post_title_bg_image_position":"","ocean_post_title_bg_image_attachment":"","ocean_post_title_bg_image_repeat":"","ocean_post_title_bg_image_size":"","ocean_post_title_height":0,"ocean_post_title_bg_overlay":0.5,"ocean_post_title_bg_overlay_color":"","ocean_disable_breadcrumbs":"default","ocean_breadcrumbs_color":"","ocean_breadcrumbs_separator_color":"","ocean_breadcrumbs_links_color":"","ocean_breadcrumbs_links_hover_color":"","ocean_display_footer_widgets":"default","ocean_display_footer_bottom":"default","ocean_custom_footer_template":"","footnotes":""},"class_list":["post-157","page","type-page","status-publish","hentry","entry"],"tpgb_featured_images":null,"tpgb_post_meta_info":{"get_date":"novembre 19, 2023","get_modified_date":"novembre 19, 2023","author_name":"admin","author_url":"https:\/\/valeriebonnard.com\/?author=1","author_email":"valeriebonnard@baladesenchantees.ch","author_website":"","author_description":"","author_facebook":"","author_twitter":"","author_instagram":"","author_role":["administrator"],"author_firstname":"","author_lastname":"","user_login":"valeriebonnard_vcmcn185","author_avatar":"<img alt='' src='https:\/\/secure.gravatar.com\/avatar\/8354f75e9d36b5cdd99c908352c80f8f11744e70db58131a1040f183bcd8f46c?s=200&#038;d=mm&#038;r=g' srcset='https:\/\/secure.gravatar.com\/avatar\/8354f75e9d36b5cdd99c908352c80f8f11744e70db58131a1040f183bcd8f46c?s=400&#038;d=mm&#038;r=g 2x' class='avatar avatar-200 photo' height='200' width='200' decoding='async'\/>","author_avatar_url":"https:\/\/secure.gravatar.com\/avatar\/8354f75e9d36b5cdd99c908352c80f8f11744e70db58131a1040f183bcd8f46c?s=96&d=mm&r=g","comment_count":0,"post_likes":0,"post_views":0},"tpgb_post_category":[],"_links":{"self":[{"href":"https:\/\/valeriebonnard.com\/index.php?rest_route=\/wp\/v2\/pages\/157","targetHints":{"allow":["GET"]}}],"collection":[{"href":"https:\/\/valeriebonnard.com\/index.php?rest_route=\/wp\/v2\/pages"}],"about":[{"href":"https:\/\/valeriebonnard.com\/index.php?rest_route=\/wp\/v2\/types\/page"}],"author":[{"embeddable":true,"href":"https:\/\/valeriebonnard.com\/index.php?rest_route=\/wp\/v2\/users\/1"}],"replies":[{"embeddable":true,"href":"https:\/\/valeriebonnard.com\/index.php?rest_route=%2Fwp%2Fv2%2Fcomments&post=157"}],"version-history":[{"count":4,"href":"https:\/\/valeriebonnard.com\/index.php?rest_route=\/wp\/v2\/pages\/157\/revisions"}],"predecessor-version":[{"id":161,"href":"https:\/\/valeriebonnard.com\/index.php?rest_route=\/wp\/v2\/pages\/157\/revisions\/161"}],"wp:attachment":[{"href":"https:\/\/valeriebonnard.com\/index.php?rest_route=%2Fwp%2Fv2%2Fmedia&parent=157"}],"curies":[{"name":"wp","href":"https:\/\/api.w.org\/{rel}","templated":true}]}}